{"id":3,"date":"2022-01-18T06:58:43","date_gmt":"2022-01-18T06:58:43","guid":{"rendered":"http:\/\/laboutiqueinmobiliaria.com\/?page_id=3"},"modified":"2024-02-17T00:15:13","modified_gmt":"2024-02-16T22:15:13","slug":"politica-privacidad","status":"publish","type":"page","link":"https:\/\/laboutiqueinmobiliaria.com\/en\/politica-privacidad\/","title":{"rendered":"Pol\u00edtica de privacidad"},"content":{"rendered":"\t\t<div data-elementor-type=\"wp-page\" data-elementor-id=\"3\" class=\"elementor elementor-3\">\n\t\t\t\t\t\t<section class=\"elementor-section elementor-top-section elementor-element elementor-element-1490f0ef elementor-section-boxed elementor-section-height-default elementor-section-height-default\" data-id=\"1490f0ef\" data-element_type=\"section\">\n\t\t\t\t\t\t<div class=\"elementor-container elementor-column-gap-default\">\n\t\t\t\t\t<div class=\"elementor-column elementor-col-100 elementor-top-column elementor-element elementor-element-21a994a3\" data-id=\"21a994a3\" data-element_type=\"column\">\n\t\t\t<div class=\"elementor-widget-wrap elementor-element-populated\">\n\t\t\t\t\t\t<div class=\"elementor-element elementor-element-34b1f24b elementor-widget elementor-widget-text-editor\" data-id=\"34b1f24b\" data-element_type=\"widget\" data-widget_type=\"text-editor.default\">\n\t\t\t\t<div class=\"elementor-widget-container\">\n\t\t\t\t\t\t\t\t\t<p style=\"text-align: left;\"><br\/><\/p>\n\n<p style=\"padding-left: 5pt;text-align: left;\"\/>\n<p style=\"text-align: left;\"><br\/><\/p>\n<h4 style=\"padding-top: 3pt;text-align: center;\">POL\u00cdTICA DE PRIVACIDAD<\/h4>\n<p style=\"padding-left: 5pt;text-align: left;\"\/>\n<p style=\"text-align: left;\"><br\/><\/p>\n<ol id=\"l1\">\n    <li data-list-text=\"1.\"><h4 style=\"padding-top: 3pt;padding-left: 14pt;text-indent: -9pt;text-align: left;\">\n        INFORMACI\u00d3N AL USUARIO<\/h4>\n        <p style=\"text-align: left;\"><br\/><\/p>\n        <p class=\"s1\" style=\"padding-left: 5pt;text-align: left;\">\u00bfQui\u00e9n es el responsable del\n            tratamiento de sus datos personales?<\/p>\n        <p style=\"text-align: left;\"><br\/><\/p><h4\n            style=\"padding-left: 5pt;line-height: 1.2;text-align: justify;\">Miguel Bibiloni Ram\u00f3n\n            <span class=\"s2\">es el <\/span>responsable <span\n                class=\"s2\">del tratamiento de los datos personales del <\/span>usuario <span class=\"s2\">y te informa de que estos datos ser\u00e1n tratados de conformidad con lo dispuesto en el Reglamento (UE) 2016\/679, de 27 de abril (GDPR), y la Ley Org\u00e1nica 3\/2018, de 5 de diciembre (LOPDGDD).<\/span>\n        <\/h4>\n        <p style=\"text-align: left;\"><br\/><\/p>\n        <p class=\"s1\" style=\"padding-left: 5pt;text-align: left;\">\u00bfQi\u00e9 tipolog\u00eda de datos le\n            solicitamos y tratamos?<\/p>\n        <p style=\"text-align: left;\"><br\/><\/p>\n        <p class=\"s2\" style=\"padding-left: 5pt;line-height: 1.2;text-align: left;\">Seg\u00fan el fomulario\n            o modo de obtener tus datos, siempre le pedimos los m\u00ednimos necesarios para cumplir con los fines detallados\n            en cada caso.<\/p>\n        <p style=\"text-align: left;\"><br\/><\/p>\n        <p class=\"s1\" style=\"padding-left: 5pt;text-align: left;\">\u00bfPara qu\u00e9 tratamos sus datos\n            personales y por qu\u00e9 lo hacemos?<\/p>\n        <p style=\"text-align: left;\"><br\/><\/p>\n        <p class=\"s2\" style=\"padding-left: 5pt;line-height: 208%;text-align: left;\">Seg\u00fan el formulario\n            donde hayamos obtenido tus datos personales, los trataremos de manera confidencial para alcanzar los fines:\n            En el formulario <b>Contacto<\/b><\/p>\n        <p style=\"text-align: left;\"\/>\n        <p style=\"padding-left: 35pt;line-height: 11pt;text-align: left;\">Dar respuesta a las consultas\n            o cualquier tipo de petici\u00f3n que sea realizada por el usuario a trav\u00e9s de cualquiera<\/p>\n        <p style=\"padding-left: 35pt;line-height: 1.2;text-align: left;\">de las formas de contacto que\n            se ponen a su disposici\u00f3n en la p\u00e1gina web del responsable. (<i>por el inter\u00e9s leg\u00edtimo del responsable,\n                art. 6.1.f GDPR<\/i>)<\/p>\n        <p style=\"text-align: left;\"\/>\n        <p style=\"padding-left: 35pt;line-height: 1.2;text-align: left;\">Enviar comunicaciones\n            comerciales publicitarias por e-mail, fax, SMS, MMS, redes sociales o cualquier otro medio electr\u00f3nico o\n            f\u00edsico, presente o futuro, que posibilite realizar comunicaciones comerciales. Estas comunicaciones ser\u00e1n\n            realizadas por el responsable y estar\u00e1n relacionadas con sus productos y servicios, o de sus colaboradores o\n            proveedores, con los que este haya alcanzado alg\u00fan acuerdo de promoci\u00f3n. En este caso, los terceros nunca\n            tendr\u00e1n acceso a los datos personales.<\/p>\n        <p style=\"text-align: left;\"\/>\n        <p style=\"padding-left: 35pt;line-height: 1.2;text-align: left;\">(<i>por el consentimiento del\n            interesado, 6.1.a GDPR<\/i>) Realizar an\u00e1lisis estad\u00edsticos y estudios de mercado. (<i>por el inter\u00e9s\n            leg\u00edtimo del responsable, art. 6.1.f GDPR<\/i>)<\/p>\n        <p style=\"padding-top: 8pt;padding-left: 5pt;text-align: left;\">En el formulario\n            <b>Newsletter<\/b><\/p>\n        <p style=\"text-align: left;\"\/>\n        <p style=\"padding-top: 4pt;padding-left: 35pt;line-height: 1.2;text-align: left;\">Remitir\n            boletines informativos, novedades, ofertas y promociones online. (<i>por el consentimiento del interesado,\n                6.1.a GDPR<\/i>)<\/p>\n        <p style=\"padding-top: 8pt;padding-left: 5pt;text-align: left;\">En el formulario <b>Solicita\n            presupuesto<\/b><\/p>\n        <p style=\"text-align: left;\"\/>\n        <p style=\"padding-top: 4pt;padding-left: 35pt;line-height: 1.2;text-align: left;\">Enviar\n            presupuestos comerciales sobre productos y servicios. (<i>para la ejecuci\u00f3n de un contrato o precontrato,\n                6.1.b GDPR<\/i>)<\/p>\n        <p style=\"text-align: left;\"\/>\n        <p style=\"padding-left: 35pt;line-height: 1.2;text-align: left;\">Enviar comunicaciones\n            comerciales publicitarias por e-mail, fax, SMS, MMS, redes sociales o cualquier otro medio electr\u00f3nico o\n            f\u00edsico, presente o futuro, que posibilite realizar comunicaciones comerciales. Estas comunicaciones ser\u00e1n\n            realizadas por el responsable y estar\u00e1n relacionadas con sus productos y servicios, o de sus colaboradores o\n            proveedores, con los que este haya alcanzado alg\u00fan acuerdo de promoci\u00f3n. En este caso, los terceros nunca\n            tendr\u00e1n acceso a los datos personales.<\/p>\n        <p style=\"padding-left: 35pt;line-height: 12pt;text-align: left;\">(<i>por el consentimiento del\n            interesado, 6.1.a GDPR<\/i>)<\/p>\n        <p style=\"padding-top: 8pt;padding-left: 5pt;text-align: left;\">En el formulario\n            <b>Curr\u00edculum<\/b><\/p>\n        <p style=\"text-align: left;\"\/>\n        <p style=\"padding-top: 4pt;padding-left: 35pt;line-height: 1.2;text-align: left;\">Hacer\n            part\u00edcipe al interesado en los procesos de selecci\u00f3n de personal y analizar el perfil del solicitante con el\n            objetivo de seleccionar un candidato para el puesto vacante del responsable.<\/p>\n        <p style=\"padding-left: 35pt;line-height: 12pt;text-align: left;\">(<i>por el consentimiento del\n            interesado, 6.1.a GDPR<\/i>)<\/p>\n        <p style=\"padding-top: 2pt;padding-left: 5pt;text-align: left;\">En el formulario\n            <b>Testimonio<\/b><\/p>\n        <p style=\"text-align: left;\"\/>\n        <p style=\"padding-top: 4pt;padding-left: 35pt;line-height: 1.2;text-align: left;\">Moderar y\n            publicar en la p\u00e1gina web las experiencias, opiniones y sugerencias del usuario sobre un producto o\n            servicio.<\/p>\n        <p style=\"padding-left: 35pt;line-height: 12pt;text-align: left;\">(<i>por el consentimiento del\n            interesado, 6.1.a GDPR<\/i>)<\/p>\n        <p style=\"padding-top: 8pt;padding-left: 5pt;text-align: left;\">En el formulario\n            <b>Comentarios<\/b><\/p>\n        <p style=\"text-align: left;\"\/>\n        <p style=\"padding-top: 4pt;padding-left: 35pt;line-height: 1.2;text-align: left;\">Moderar y\n            publicar en la p\u00e1gina web las opiniones sobre una publicaci\u00f3n. (<i>por el consentimiento del interesado,\n                6.1.a GDPR<\/i>)<\/p>\n        <p style=\"padding-top: 8pt;padding-left: 5pt;text-align: left;\">En el formulario <b>Canal \u00e9tico\n            o de denuncias<\/b><\/p>\n        <p style=\"text-align: left;\"\/>\n        <p style=\"padding-top: 4pt;padding-left: 35pt;line-height: 1.2;text-align: left;\">Gestionar\n            adecuadamente el canal \u00e9tico, tramitando las correspondientes irregularidades notificadas a trav\u00e9s del\n            mismo, y decidiendo sobre la procedencia de iniciar una investigaci\u00f3n, al objeto de detectar posibles\n            delitos y prevenir la imposici\u00f3n de cualquier tipo de responsabilidad, as\u00ed como para evitar cualquier tipo\n            de conducta contraria a la normativa interna o externa de la entidad.<\/p>\n        <p style=\"padding-left: 35pt;line-height: 12pt;text-align: left;\">(<i>para el cumplimiento de\n            una obligaci\u00f3n legal, 6.1.c GDPR<\/i>)<\/p>\n        <p style=\"padding-top: 8pt;padding-left: 5pt;text-align: left;\">En el formulario <b>Registro de\n            usuario<\/b><\/p>\n        <p style=\"text-align: left;\"\/>\n        <p style=\"padding-top: 4pt;padding-left: 35pt;line-height: 1.2;text-align: left;\">Gestionar la\n            cuenta del usuario para proporcionarle un acceso personalizado a la p\u00e1gina web y a los servicios\n            interactivos que ofrece.<\/p>\n        <p style=\"padding-left: 35pt;line-height: 12pt;text-align: left;\">(<i>por el consentimiento del\n            interesado, 6.1.a GDPR<\/i>)<\/p>\n        <p style=\"padding-top: 8pt;padding-left: 5pt;text-align: left;\">En el formulario\n            <b>Reservas<\/b><\/p>\n        <p style=\"text-align: left;\"\/>\n        <p style=\"padding-top: 4pt;padding-left: 35pt;line-height: 1.2;text-align: left;\">Formalizar\n            reservas en el establecimiento del responsable. (<i>para la ejecuci\u00f3n de un contrato o precontrato, 6.1.b\n                GDPR<\/i>)<\/p>\n        <p style=\"text-align: left;\"\/>\n        <p style=\"padding-left: 35pt;line-height: 1.2;text-align: left;\">Enviar comunicaciones\n            comerciales publicitarias por e-mail, fax, SMS, MMS, redes sociales o cualquier otro medio electr\u00f3nico o\n            f\u00edsico, presente o futuro a clientes, que posibilite realizar comunicaciones comerciales referentes a\n            productos o servicios que sean similares a los que inicialmente fueron objeto de contrataci\u00f3n con el cliente\n            (art. 21.2 LSSI).<\/p>\n        <p style=\"padding-left: 35pt;line-height: 12pt;text-align: left;\">(<i>por el inter\u00e9s leg\u00edtimo\n            del responsable, art. 6.1.f GDPR<\/i>)<\/p>\n        <p style=\"padding-top: 8pt;padding-left: 5pt;text-align: left;\">En el formulario <b>Citas<\/b>\n        <\/p>\n        <p style=\"text-align: left;\"\/>\n        <p style=\"padding-top: 4pt;padding-left: 35pt;text-align: left;\">Agendar citas y reuniones con\n            el responsable.<\/p>\n        <p style=\"padding-left: 35pt;text-align: left;\">(<i>por el inter\u00e9s leg\u00edtimo del responsable,\n            art. 6.1.f GDPR<\/i>)<\/p>\n        <h3 style=\"padding-top: 8pt;padding-left: 5pt;text-align: left;\">Redes Sociales<\/h3>\n        <p style=\"text-align: left;\"\/>\n        <p style=\"padding-top: 4pt;padding-left: 35pt;line-height: 1.2;text-align: left;\">Contacto a\n            trav\u00e9s de las Redes Sociales con el fin de mantener una relaci\u00f3n entre el Usuario y el Responsable que puede\n            incluir las siguientes operaciones: &#8211; Tramitar sus solicitudes y consultas. &#8211; Informar sobre actividades y\n            eventos. &#8211; Informar sobre productos y\/o servicios. &#8211; Interactuar a trav\u00e9s de los perfiles oficiales. El\n            usuario dispone de un perfil en la misma red social y ha decidido unirse a la red social del Responsable,\n            mostrando as\u00ed su inter\u00e9s en la informaci\u00f3n que se publique en la misma, por tanto en el momento de solicitar\n            seguir nuestra p\u00e1gina oficial, nos facilita su consentimiento para el tratamiento de sus datos. El Usuario\n            puede acceder en todo momento a las pol\u00edticas de privacidad de la propia red social, as\u00ed como configurar su\n            perfil para garantizar su privacidad. El Usuario una vez sea seguidor o se haya unido a la red social del\n            Responsable, podr\u00e1 publicar en la misma comentarios, enlaces, im\u00e1genes, fotograf\u00edas o cualquier otro tipo de\n            contenido soportado por la misma. El Usuario, en todos los casos, debe ser el titular del contenido\n            publicado, gozar de los derechos de autor y de propiedad intelectual o contar con el consentimiento de los\n            terceros afectados. &#8211; Env\u00edo de comunicaciones comerciales relativas a las actividades de las empresas del\n            Grupo, as\u00ed como empresas externas al mismo, con lo que se hayan establecidos acuerdos comerciales de\n            colaboraci\u00f3n o intermediaci\u00f3n.<\/p>\n        <p style=\"padding-left: 35pt;line-height: 12pt;text-align: left;\">(<i>por el consentimiento del\n            interesado, 6.1.a GDPR<\/i>)<\/p>\n        <p style=\"text-align: left;\"><br\/><\/p>\n        <h3 style=\"padding-left: 5pt;text-align: left;\">Mensajer\u00eda Instant\u00e1nea<\/h3>\n        <p style=\"text-align: left;\"\/>\n        <p style=\"padding-top: 6pt;padding-left: 35pt;text-align: left;\">Agendar citas y reuniones con\n            el responsable.<\/p>\n        <p style=\"padding-left: 35pt;text-align: left;\">(<i>por el inter\u00e9s leg\u00edtimo del responsable,\n            art. 6.1.f GDPR<\/i>)<\/p>\n        <p style=\"text-align: left;\"\/>\n        <p style=\"padding-top: 4pt;padding-left: 35pt;line-height: 1.2;text-align: left;\">Enviar\n            comunicaciones comerciales publicitarias por e-mail, fax, SMS, MMS, redes sociales o cualquier otro medio\n            electr\u00f3nico o f\u00edsico, presente o futuro a clientes, que posibilite realizar comunicaciones comerciales\n            referentes a productos o servicios que sean similares a los que inicialmente fueron objeto de contrataci\u00f3n\n            con el cliente (art. 21.2 LSSI).<\/p>\n        <p style=\"padding-left: 35pt;line-height: 12pt;text-align: left;\">(<i>por el inter\u00e9s leg\u00edtimo\n            del responsable, art. 6.1.f GDPR<\/i>)<\/p>\n        <p style=\"text-align: left;\"\/>\n        <p style=\"padding-top: 4pt;padding-left: 35pt;line-height: 1.2;text-align: left;\">Gestionar,\n            mantener, mejorar o desarrollar los servicios prestados. (<i>para la ejecuci\u00f3n de un contrato o precontrato,\n                6.1.b GDPR<\/i>)<\/p>\n        <p style=\"text-align: left;\"\/>\n        <p style=\"padding-top: 3pt;padding-left: 35pt;line-height: 1.2;text-align: left;\">Gestionar su\n            compra o pedido online, procesar el pago y proceder al env\u00edo o activaci\u00f3n del mismo, en base a las\n            condiciones generales de contrataci\u00f3n.<\/p>\n        <p style=\"padding-left: 35pt;line-height: 12pt;text-align: left;\">(<i>para la ejecuci\u00f3n de un\n            contrato o precontrato, 6.1.b GDPR<\/i>)<\/p>\n        <p style=\"text-align: left;\"\/>\n        <p style=\"padding-top: 4pt;padding-left: 35pt;line-height: 1.2;text-align: left;\">Enviar\n            presupuestos comerciales sobre productos y servicios. (<i>para la ejecuci\u00f3n de un contrato o precontrato,\n                6.1.b GDPR<\/i>)<\/p>\n        <p style=\"text-align: left;\"\/>\n        <p style=\"padding-top: 3pt;padding-left: 35pt;line-height: 1.2;text-align: left;\">Enviar\n            comunicaciones comerciales publicitarias por e-mail, fax, SMS, MMS, redes sociales o cualquier otro medio\n            electr\u00f3nico o f\u00edsico, presente o futuro, que posibilite realizar comunicaciones comerciales. Estas\n            comunicaciones ser\u00e1n realizadas por el responsable y estar\u00e1n relacionadas con sus productos y servicios, o\n            de sus colaboradores o proveedores, con los que este haya alcanzado alg\u00fan acuerdo de promoci\u00f3n. En este\n            caso, los terceros nunca tendr\u00e1n acceso a los datos personales.<\/p>\n        <p style=\"padding-left: 35pt;line-height: 12pt;text-align: left;\">(<i>por el consentimiento del\n            interesado, 6.1.a GDPR<\/i>)<\/p>\n        <p style=\"text-align: left;\"\/>\n        <p style=\"padding-top: 4pt;padding-left: 35pt;line-height: 1.2;text-align: left;\">Dar\n            respuesta a las consultas o cualquier tipo de petici\u00f3n que sea realizada por el usuario a trav\u00e9s de\n            cualquiera de las formas de contacto que se ponen a su disposici\u00f3n en la p\u00e1gina web del responsable.<\/p>\n        <p style=\"padding-left: 35pt;line-height: 12pt;text-align: left;\">(<i>por el inter\u00e9s leg\u00edtimo\n            del responsable, art. 6.1.f GDPR<\/i>)<\/p>\n        <p style=\"text-align: left;\"><br\/><\/p>\n        <h3 style=\"padding-left: 5pt;text-align: left;\">Videovigilancia<\/h3>\n        <p style=\"text-align: left;\"\/>\n        <p style=\"padding-top: 4pt;padding-left: 35pt;line-height: 1.2;text-align: justify;\">Finalidad\n            Seguridad y control de accesos, control laboral y de la actividad interna Legitimaci\u00f3n Inter\u00e9s p\u00fablico por\n            la seguridad y control de accesos e Inter\u00e9s leg\u00edtimo del Responsable basado en el Art. 20.3 del Estatuto de\n            los Trabajadores Conservaci\u00f3n Un m\u00e1ximo de 30 d\u00edas<\/p>\n        <p style=\"padding-left: 35pt;line-height: 12pt;text-align: justify;\">(<i>por el consentimiento\n            del interesado, 6.1.a GDPR<\/i>)<\/p>\n        <p style=\"text-align: left;\"><br\/><\/p>\n        <h3 style=\"padding-left: 5pt;text-align: left;\">Im\u00e1genes y grabaciones<\/h3>\n        <p style=\"text-align: left;\"\/>\n        <p style=\"padding-top: 4pt;padding-left: 35pt;line-height: 1.2;text-align: left;\">Fichero con\n            im\u00e1genes est\u00e1ticas y\/o din\u00e1micas. Incluye la publicaci\u00f3n en los medios del responsable de tratamiento o de\n            terceros.<\/p>\n        <p style=\"padding-left: 35pt;line-height: 12pt;text-align: left;\">(<i>por el consentimiento del\n            interesado, 6.1.a GDPR<\/i>)<\/p>\n        <p style=\"text-align: left;\"><br\/><\/p>\n        <h3 style=\"padding-left: 5pt;text-align: left;\">Clientes y proveedores<\/h3>\n        <p style=\"text-align: left;\"\/>\n        <p style=\"padding-top: 4pt;padding-left: 35pt;text-align: left;\">Gesti\u00f3n comercial con clientes\n            y proveedores<\/p>\n        <p style=\"padding-left: 35pt;text-align: left;\">(<i>por el inter\u00e9s leg\u00edtimo del responsable,\n            art. 6.1.f GDPR<\/i>)<\/p>\n        <p style=\"text-align: left;\"><br\/><\/p>\n        <h3 style=\"padding-left: 5pt;text-align: left;\">Exclusi\u00f3n publicitaria<\/h3>\n        <p style=\"text-align: left;\"\/>\n        <p style=\"padding-top: 4pt;padding-left: 35pt;line-height: 1.2;text-align: left;\">Gesti\u00f3n de\n            datos para evitar el env\u00edo de comunicaciones comerciales a quienes hubiesen manifestado su negativa u\n            oposici\u00f3n a recibirlas.<\/p>\n        <p style=\"padding-left: 35pt;line-height: 12pt;text-align: left;\">(<i>para el cumplimiento de\n            una obligaci\u00f3n legal, 6.1.c GDPR<\/i>)<\/p>\n        <p style=\"text-align: left;\"><br\/><\/p>\n        <h3 style=\"padding-left: 5pt;text-align: left;\">Publicidad comercial<\/h3>\n        <p style=\"text-align: left;\"\/>\n        <p style=\"padding-top: 4pt;padding-left: 35pt;line-height: 1.2;text-align: left;\">Gesti\u00f3n\n            publicitaria y prospecci\u00f3n comercial. Incluye datos de fuentes leg\u00edtimas de acceso p\u00fablico. (<i>por el\n                inter\u00e9s leg\u00edtimo del responsable, art. 6.1.f GDPR<\/i>)<\/p>\n        <h3 style=\"padding-top: 2pt;padding-left: 5pt;text-align: left;\">Derecho de los\n            interesados<\/h3>\n        <p style=\"text-align: left;\"\/>\n        <p style=\"padding-top: 4pt;padding-left: 35pt;line-height: 1.2;text-align: left;\">Atender las\n            solicitudes de los ciudadanos en el ejercicio de los derechos que establece el GDPR (<i>para el cumplimiento\n                de una obligaci\u00f3n legal, 6.1.c GDPR<\/i>)<\/p>\n        <p style=\"text-align: left;\"><br\/><\/p>\n        <h3 style=\"padding-left: 5pt;text-align: left;\">Prevenci\u00f3n Blanqueo de Capitales<\/h3>\n        <p style=\"text-align: left;\"\/>\n        <p style=\"padding-top: 4pt;padding-left: 35pt;line-height: 1.2;text-align: left;\">Gesti\u00f3n de\n            datos para la prevenci\u00f3n de Blanqueo de Capitales y financiaci\u00f3n del terrorismo. (<i>para el cumplimiento de\n                una obligaci\u00f3n legal, 6.1.c GDPR<\/i>)<\/p>\n        <p style=\"text-align: left;\"><br\/><\/p>\n        <h3 style=\"padding-left: 5pt;text-align: left;\">Usuarios Web, app y otras plataformas del\n            responsa<\/h3>\n        <p style=\"text-align: left;\"\/>\n        <p style=\"padding-top: 4pt;padding-left: 35pt;line-height: 1.2;text-align: left;\">Datos de\n            identificaci\u00f3n de los usuarios que acceden a la web corporativa. (<i>por el inter\u00e9s leg\u00edtimo del\n                responsable, art. 6.1.f GDPR<\/i>)<\/p>\n        <p style=\"text-align: left;\"><br\/><\/p>\n        <h3 style=\"padding-left: 5pt;text-align: left;\">Formaci\u00f3n, cursos, talleres, actividades o\n            similar<\/h3>\n        <p style=\"text-align: left;\"\/>\n        <p style=\"padding-top: 4pt;padding-left: 35pt;text-align: left;\">Gesti\u00f3n de las condiciones de\n            acceso y uso.<\/p>\n        <p style=\"padding-left: 35pt;text-align: left;\">(<i>por el inter\u00e9s leg\u00edtimo del responsable,\n            art. 6.1.f GDPR<\/i>)<\/p>\n        <p style=\"text-align: left;\"><br\/><\/p>\n        <h3 style=\"padding-left: 5pt;text-align: left;\">Conexi\u00f3n a la red Wifi<\/h3>\n        <p style=\"text-align: left;\"\/>\n        <ul id=\"l2\">\n            <li data-list-text=\"\u2022\"><p style=\"padding-top: 4pt;padding-left: 42pt;text-indent: -7pt;text-align: left;\">\n                Realizar an\u00e1lisis estad\u00edsticos y estudios de mercado. ( por el inter\u00e9s leg\u00edtimo del responsable, art.\n                6.1.f GDPR )<\/p><\/li>\n            <li data-list-text=\"\u2022\"><p style=\"padding-left: 35pt;line-height: 1.2;text-align: left;\">\n                Realizar encuestas de satisfacci\u00f3n y calidad. ( por el inter\u00e9s leg\u00edtimo del responsable, art. 6.1.f GDPR\n                ) (<i>por el consentimiento del interesado, 6.1.a GDPR<\/i>)<\/p><\/li>\n        <\/ul>\n        <p style=\"text-align: left;\"><br\/><\/p>\n        <h3 style=\"padding-left: 5pt;text-align: left;\">Datos de menores o vulnerables<\/h3>\n        <p style=\"text-align: left;\"\/>\n        <p style=\"padding-top: 4pt;padding-left: 35pt;line-height: 1.2;text-align: left;\">El\n            responsable no recabar\u00e1 ni tratar\u00e1 datos personales de menores de catorce a\u00f1os, sin dar pleno cumplimiento a\n            los requisitos establecidos en la normativa aplicable de protecci\u00f3n de datos, en lo relativo al cumplimiento\n            del deber de informar y la obtenci\u00f3n de aquellos consentimientos que resultasen necesarios. Los datos\n            recabados se tratar\u00e1n para la gesti\u00f3n de las finalidades informadas. El responsable dispone de las medidas\n            de seguridad adecuadas para la seguridad de estos datos.<\/p>\n        <p style=\"padding-left: 35pt;line-height: 12pt;text-align: left;\">(<i>por el consentimiento del\n            interesado, 6.1.a GDPR<\/i>)<\/p>\n        <p style=\"text-align: left;\"><br\/><\/p>\n        <h3 style=\"padding-left: 5pt;text-align: left;\">Representantes legales y personas de\n            contacto<\/h3>\n        <p style=\"text-align: left;\"\/>\n        <p style=\"padding-top: 4pt;padding-left: 35pt;line-height: 1.2;text-align: left;\">En el caso\n            de que usted sea representante legal o persona de contacto de alguna de las entidades o personas con las que\n            la Fundaci\u00f3n se relaciona, el responsable tratar\u00e1 sus datos para controlar el desarrollo de la relaci\u00f3n\n            pretendida.<\/p>\n        <p style=\"padding-left: 35pt;line-height: 12pt;text-align: left;\">(<i>por el consentimiento del\n            interesado, 6.1.a GDPR<\/i>)<\/p>\n        <p style=\"text-align: left;\"><br\/><\/p>\n        <p class=\"s1\" style=\"padding-left: 5pt;text-align: left;\">\u00bfDurante cu\u00e1nto tiempo guardaremos\n            sus datos personales?<\/p>\n        <p style=\"text-align: left;\"><br\/><\/p>\n        <p class=\"s2\" style=\"padding-left: 5pt;line-height: 1.2;text-align: justify;\">Se conservar\u00e1n\n            durante no m\u00e1s tiempo del necesario para mantener el fin del tratamiento o existan prescripciones legales\n            que dictaminen su custodia y cuando ya no sea necesario para ello, se suprimir\u00e1n con medidas de seguridad\n            adecuadas para garantizar la anonimizaci\u00f3n de los datos o la destrucci\u00f3n total de los mismos.<\/p>\n        <p style=\"text-align: left;\"><br\/><\/p>\n        <p class=\"s1\" style=\"padding-left: 5pt;text-align: left;\">\u00bfA qui\u00e9n facilitamos sus datos\n            personales?<\/p>\n        <p style=\"text-align: left;\"><br\/><\/p>\n        <p class=\"s2\" style=\"padding-left: 5pt;line-height: 1.2;text-align: justify;\">No est\u00e1 prevista\n            ninguna comunicaci\u00f3n de datos personales a terceros salvo, si fuese necesario para el desarrollo y ejecuci\u00f3n\n            de las finalidades del tratamiento, a nuestros proveedores de servicios relacionados con comunicaciones, con\n            los cuales el <b>responsable <\/b>tiene suscritos los contratos de confidencialidad y de encargado de\n            tratamiento exigidos por la normativa vigente de privacidad.<\/p>\n        <p style=\"text-align: left;\"><br\/><\/p>\n        <p class=\"s1\" style=\"padding-left: 5pt;text-align: left;\">\u00bfRealizamos transferencias\n            internacionales?<\/p>\n        <p style=\"text-align: left;\"><br\/><\/p>\n        <p style=\"padding-left: 5pt;text-align: left;\">De conformidad con lo dispuesto en el art\u00edculo\n            44 del RGPD, la autorizaci\u00f3n de transferencia internacional de datos a<\/p>\n        <p style=\"padding-top: 2pt;padding-left: 5pt;line-height: 1.2;text-align: justify;\">un pa\u00eds\n            que no ha sido declarado como pa\u00eds con un nivel adecuado de protecci\u00f3n solo podr\u00e1 otorgarse si se obtienen\n            garant\u00edas suficientes. As\u00ed, podr\u00e1 otorgarse si el <b>responsable <\/b>del tratamiento aporta un contrato\n            escrito, celebrado entre el exportador y el importador de datos, en el que consten las garant\u00edas necesarias\n            de respeto a la protecci\u00f3n de los interesados y se garantice el ejercicio de sus derechos.<\/p>\n        <p style=\"text-align: left;\"><br\/><\/p>\n        <p style=\"padding-left: 5pt;line-height: 1.2;text-align: justify;\">Es posible que el <b>responsable <\/b>cuente\n            con servicios de proveedores que tengan servidores o sedes en otros lugares y, por tanto, se efect\u00faen estas\n            transferencias. Para consultar el listado actualizado de proveedores, consulte con el <b>responsable <\/b><a\n                href=\"mailto:mb@laboutiqueinmobiliaria.com\" class=\"s4\" target=\"_blank\">o trav\u00e9s de\n                mb@laboutiqueinmobiliaria.com<\/a><\/p>\n        <p style=\"text-align: left;\"><br\/><\/p>\n        <p class=\"s1\" style=\"padding-left: 5pt;text-align: justify;\">\u00bfCu\u00e1les son sus derechos?<\/p>\n        <p style=\"text-align: left;\"><br\/><\/p>\n        <p class=\"s2\" style=\"padding-left: 5pt;text-align: justify;\">Los derechos que asisten al <b>usuario <\/b>son:\n        <\/p>\n        <p style=\"text-align: left;\"><br\/><\/p>\n        <p style=\"text-align: left;\"\/>\n        <p class=\"s2\" style=\"padding-left: 35pt;text-align: left;\">Derecho a retirar el consentimiento\n            en cualquier momento.<\/p>\n        <p style=\"text-align: left;\"><br\/><\/p>\n        <p style=\"text-align: left;\"\/>\n        <p class=\"s2\" style=\"padding-top: 3pt;padding-left: 35pt;text-align: left;\">Derecho de acceso,\n            rectificaci\u00f3n, portabilidad y supresi\u00f3n de sus datos, y de limitaci\u00f3n u oposici\u00f3n a su tratamiento.<\/p>\n        <p style=\"text-align: left;\"><br\/><\/p>\n        <p style=\"text-align: left;\"\/>\n        <p class=\"s2\" style=\"padding-top: 3pt;padding-left: 35pt;line-height: 109%;text-align: left;\">\n            Derecho a presentar una reclamaci\u00f3n ante la autoridad de control (www.aepd.es) si considera que el\n            tratamiento no se ajusta a la normativa vigente.<\/p>\n        <p style=\"text-align: left;\"><br\/><\/p><h4\n            style=\"padding-top: 5pt;padding-left: 5pt;text-align: left;\">Datos de contacto para ejercer\n            sus derechos<span class=\"s2\">:<\/span><\/h4>\n        <p style=\"text-align: left;\"><br\/><\/p>\n        <p style=\"padding-left: 5pt;text-align: left;\"><a href=\"mailto:mb@laboutiqueinmobiliaria.com\"\n                                                                           class=\"a\" target=\"_blank\">Miguel Bibiloni\n            Ram\u00f3n. C\/ Francesc Sancho, 2 &#8211; 07004 Palma (Illes Balears). E-mail: <\/a><a\n            href=\"mailto:mb@laboutiqueinmobiliaria.com\" target=\"_blank\">mb@laboutiqueinmobiliaria.com<\/a><\/p>\n        <p style=\"text-align: left;\"><br\/><\/p><\/li>\n    <li data-list-text=\"2.\"><h4 style=\"padding-left: 14pt;text-indent: -9pt;text-align: left;\">CAR\u00c1CTER OBLIGATORIO O\n        FACULTATIVO DE LA INFORMACI\u00d3N FACILITADA POR EL USUARIO<\/h4>\n        <p style=\"text-align: left;\"><br\/><\/p>\n        <p class=\"s2\" style=\"padding-left: 5pt;line-height: 1.2;text-align: justify;\">Los\n            <b>usuarios<\/b>, mediante la marcaci\u00f3n de las casillas correspondientes y la entrada de datos en los campos,\n            marcados con un asterisco (*) en el formulario de contacto o presentados en formularios de descarga, aceptan\n            expresamente y de forma libre e inequ\u00edvoca, que sus datos son necesarios para atender su petici\u00f3n, por parte\n            del prestador, siendo voluntaria la inclusi\u00f3n de datos en los campos restantes. El usuario garantiza que los\n            datos personales facilitados al <b>responsable <\/b>son veraces y se hace responsable de comunicar cualquier\n            modificaci\u00f3n de los mismos.<\/p>\n        <p style=\"text-align: left;\"><br\/><\/p>\n        <p class=\"s2\" style=\"padding-left: 5pt;line-height: 1.2;text-align: justify;\">El <b>responsable <\/b>informa\n            de que todos los datos solicitados a trav\u00e9s del sitio web son obligatorios, ya que son necesarios para la\n            prestaci\u00f3n de un servicio \u00f3ptimo al <b>usuario<\/b>. En caso de que no se faciliten todos los datos, no se\n            garantiza que la informaci\u00f3n y servicios facilitados sean completamente ajustados a sus necesidades.<\/p>\n        <p style=\"text-align: left;\"><br\/><\/p>\n        <p class=\"s2\" style=\"padding-left: 5pt;line-height: 1.2;text-align: justify;\">Si por alg\u00fan\n            tipo de medio, nos facilita datos de car\u00e1cter perosnal de otras personas, el responsable advierte que deber\u00e1\n            hacerlo con su consentimiento y haber informado, con car\u00e1cter previo, de los extremos contenidos en esta\n            Pol\u00edtica de Privacidad. Asimismo, el <b>responsable <\/b>se compromete a facilitar a cualquier tercero cuyos\n            datos nos facilite la informaci\u00f3n que resultase pertinente, de conformidad con lo dispuesto en el art\u00edculo\n            14 del Reglamento General.<\/p>\n        <p style=\"text-align: left;\"><br\/><\/p><\/li>\n    <li data-list-text=\"3.\"><h4 style=\"padding-top: 7pt;padding-left: 14pt;text-indent: -9pt;text-align: left;\">MEDIDAS\n        DE SEGURIDAD<\/h4>\n        <p style=\"text-align: left;\"><br\/><\/p>\n        <p class=\"s2\" style=\"padding-left: 5pt;line-height: 1.2;text-align: justify;\">Que de\n            conformidad con lo dispuesto en las normativas vigentes en protecci\u00f3n de datos personales, el\n            <b>responsable <\/b>est\u00e1 cumpliendo con todas las disposiciones de las normativas GDPR y LOPDGDD para el\n            tratamiento de los datos personales de su responsabilidad, y manifiestamente con los principios descritos en\n            el art\u00edculo 5 del GDPR, por los cuales son tratados de manera l\u00edcita, leal y transparente en relaci\u00f3n con el\n            interesado y adecuados, pertinentes y limitados a lo necesario en relaci\u00f3n con los fines para los que son\n            tratados.<\/p>\n        <p style=\"text-align: left;\"><br\/><\/p>\n        <p class=\"s2\" style=\"padding-left: 5pt;line-height: 1.2;text-align: justify;\">El <b>responsable <\/b>garantiza\n            que ha implementado pol\u00edticas t\u00e9cnicas y organizativas apropiadas para aplicar las medidas de seguridad que\n            establecen el GDPR y la LOPDGDD con el fin de proteger los derechos y libertades de los <b>usuarios <\/b>y\n            les ha comunicado la informaci\u00f3n adecuada para que puedan ejercerlos.<\/p>\n        <p class=\"s2\"\n           style=\"padding-top: 2pt;padding-left: 5pt;line-height: 1.2;text-align: justify;\">Para m\u00e1s\n            informaci\u00f3n sobre las garant\u00edas de privacidad, puedes dirigirte al <b>responsable <\/b><a\n                href=\"mailto:mb@laboutiqueinmobiliaria.com\" class=\"a\" target=\"_blank\">a trav\u00e9s de Miguel Bibiloni Ram\u00f3n.\n                C\/ Francesc Sancho, 2 &#8211; 07004 Palma (Illes Balears). E-mail: <\/a><a\n                href=\"mailto:mb@laboutiqueinmobiliaria.com\" target=\"_blank\">mb@laboutiqueinmobiliaria.com<\/a><\/p>\n        <p style=\"text-align: left;\"><br\/><\/p><\/li>\n    <li data-list-text=\"4.\"><h4 style=\"padding-left: 14pt;text-indent: -9pt;text-align: left;\">VIGENCIA<\/h4><\/li>\n<\/ol>\n<p style=\"text-align: left;\"><br\/><\/p>\n<p class=\"s2\" style=\"padding-left: 5pt;text-align: justify;\">Esta pol\u00edtica de privacidad est\u00e1 vigente\n    desde el 07\/12\/2023<\/p>\n<p style=\"text-align: left;\"><br\/><\/p>\n<p class=\"s2\" style=\"padding-left: 5pt;line-height: 1.2;text-align: justify;\">El <b>responsable <\/b>se\n    reserva el derecho de modificar esta pol\u00edtica para adaptarla a futuras actualizaciones legislativas o\n    jurisprudenciales que resulten de aplicaci\u00f3n, o por otros motivos t\u00e9cnicos, operativos, comerciales, corporativos,\n    etc. Si a consecuencia de los cambios, se vieran afectados los derechos de los usuarios, el <b>responsable <\/b>se\n    compromete a informar sobre los motivos.<\/p>\t\t\t\t\t\t\t\t<\/div>\n\t\t\t\t<\/div>\n\t\t\t\t\t<\/div>\n\t\t<\/div>\n\t\t\t\t\t<\/div>\n\t\t<\/section>\n\t\t\t\t<\/div>\n\t\t","protected":false},"excerpt":{"rendered":"<p>POL\u00cdTICA DE PRIVACIDAD INFORMACI\u00d3N AL USUARIO \u00bfQui\u00e9n es el responsable del tratamiento de sus datos personales? Miguel Bibiloni Ram\u00f3n es el responsable del tratamiento de los datos personales del usuario y te informa de que estos datos ser\u00e1n tratados de conformidad con lo dispuesto en el Reglamento (UE) 2016\/679, de 27 de abril (GDPR), y la Ley Org\u00e1nica 3\/2018, de 5 de diciembre (LOPDGDD). &#8230;<\/p>\n","protected":false},"author":1,"featured_media":0,"parent":0,"menu_order":0,"comment_status":"closed","ping_status":"open","template":"elementor_header_footer","meta":{"_joinchat":[],"footnotes":""},"class_list":["post-3","page","type-page","status-publish","hentry"],"translation":{"provider":"WPGlobus","version":"3.0.0","language":"en","enabled_languages":["es","en"],"languages":{"es":{"title":true,"content":true,"excerpt":false},"en":{"title":false,"content":false,"excerpt":false}}},"_links":{"self":[{"href":"https:\/\/laboutiqueinmobiliaria.com\/en\/wp-json\/wp\/v2\/pages\/3","targetHints":{"allow":["GET"]}}],"collection":[{"href":"https:\/\/laboutiqueinmobiliaria.com\/en\/wp-json\/wp\/v2\/pages"}],"about":[{"href":"https:\/\/laboutiqueinmobiliaria.com\/en\/wp-json\/wp\/v2\/types\/page"}],"author":[{"embeddable":true,"href":"https:\/\/laboutiqueinmobiliaria.com\/en\/wp-json\/wp\/v2\/users\/1"}],"replies":[{"embeddable":true,"href":"https:\/\/laboutiqueinmobiliaria.com\/en\/wp-json\/wp\/v2\/comments?post=3"}],"version-history":[{"count":13,"href":"https:\/\/laboutiqueinmobiliaria.com\/en\/wp-json\/wp\/v2\/pages\/3\/revisions"}],"predecessor-version":[{"id":29285,"href":"https:\/\/laboutiqueinmobiliaria.com\/en\/wp-json\/wp\/v2\/pages\/3\/revisions\/29285"}],"wp:attachment":[{"href":"https:\/\/laboutiqueinmobiliaria.com\/en\/wp-json\/wp\/v2\/media?parent=3"}],"curies":[{"name":"wp","href":"https:\/\/api.w.org\/{rel}","templated":true}]}}