{"id":18618,"date":"2020-06-03T14:05:35","date_gmt":"2020-06-03T14:05:35","guid":{"rendered":"http:\/\/demo-install.wpestate.org\/?page_id=18618"},"modified":"2024-12-13T12:48:44","modified_gmt":"2024-12-13T10:48:44","slug":"homepage-5","status":"publish","type":"page","link":"https:\/\/laboutiqueinmobiliaria.com\/en\/","title":{"rendered":"Home"},"content":{"rendered":"<p>\n\t\t\t<!-- START Slider 1 REVOLUTION SLIDER 6.5.11 --><p class=\"rs-p-wp-fix\"><\/p>\n\t\t\t<rs-module-wrap id=\"rev_slider_1_1_wrapper\" data-source=\"gallery\" style=\"visibility:hidden;background:transparent;padding:0;\">\n\t\t\t\t<rs-module id=\"rev_slider_1_1\" style=\"\" data-version=\"6.5.11\">\n\t\t\t\t\t<rs-slides>\n\t\t\t\t\t\t<rs-slide style=\"position: absolute;\" data-key=\"rs-1\" data-title=\"Slide\" data-in=\"o:0;\" data-out=\"a:false;\">\n\t\t\t\t\t\t\t<img fetchpriority=\"high\" decoding=\"async\" src=\"\/\/laboutiqueinmobiliaria.com\/wp-content\/plugins\/revslider\/public\/assets\/assets\/dummy.png\" title=\"La Boutique Inmobiliaria\" width=\"1000\" height=\"539\" class=\"rev-slidebg tp-rs-img rs-lazyload\" data-lazyload=\"\/\/laboutiqueinmobiliaria.com\/wp-content\/uploads\/2022\/03\/1-1.jpg\" data-no-retina>\n\t\t\t\t\t\t\t<rs-bgvideo \n\t\t\t\t\t\t\t\tdata-video=\"w:100%;h:100%;nse:false;l:true;ptimer:false;vfc:true;\"\n\t\t\t\t\t\t\t\tdata-mp4=\"\/\/laboutiqueinmobiliaria.com\/wp-content\/uploads\/2022\/02\/timelapse-palma-bn.mp4\"\n\t\t\t\t\t\t\t><\/rs-bgvideo>\n<!--\n\t\t\t\t\t\t\t--><a\n\t\t\t\t\t\t\t\tid=\"slider-1-slide-1-layer-0\" \n\t\t\t\t\t\t\t\tclass=\"rs-layer\"\n\t\t\t\t\t\t\t\thref=\"\" target=\"_self\"\n\t\t\t\t\t\t\t\tdata-type=\"object\"\n\t\t\t\t\t\t\t\tdata-rsp_ch=\"on\"\n\t\t\t\t\t\t\t\tdata-xy=\"x:50px;y:50px;\"\n\t\t\t\t\t\t\t\tdata-text=\"w:normal;\"\n\t\t\t\t\t\t\t\tdata-actions='o:click;a:scrollbelow;sp:1000ms;e:power1.inOut;'\n\t\t\t\t\t\t\t\tdata-sba=\"t:true;\"\n\t\t\t\t\t\t\t\tdata-frame_999=\"o:0;st:w;\"\n\t\t\t\t\t\t\t\tstyle=\"z-index:5;font-family:'Roboto';\"\n\t\t\t\t\t\t\t> \n\t\t\t\t\t\t\t<\/a><!--\n\n\t\t\t\t\t\t\t--><rs-layer\n\t\t\t\t\t\t\t\tid=\"slider-1-slide-1-layer-1\" \n\t\t\t\t\t\t\t\tclass=\"rev-scroll-btn rev-b-span-light\"\n\t\t\t\t\t\t\t\tdata-type=\"button\"\n\t\t\t\t\t\t\t\tdata-color=\"#ffffff\"\n\t\t\t\t\t\t\t\tdata-rsp_ch=\"on\"\n\t\t\t\t\t\t\t\tdata-xy=\"x:c;y:b;\"\n\t\t\t\t\t\t\t\tdata-text=\"w:normal;s:17;l:20;ls:1;a:center;\"\n\t\t\t\t\t\t\t\tdata-dim=\"w:35px;h:55px;minw:35px;minh:55px;\"\n\t\t\t\t\t\t\t\tdata-actions='o:click;a:scrollbelow;offset:-50px;sp:1000ms;e:power1.inOut;'\n\t\t\t\t\t\t\t\tdata-padding=\"t:22;r:14;b:22;l:14;\"\n\t\t\t\t\t\t\t\tdata-border=\"bos:solid;boc:rgba(255,255,255,0.75);bow:3px,3px,3px,3px;bor:23px,23px,23px,23px;\"\n\t\t\t\t\t\t\t\tdata-frame_999=\"o:0;st:w;\"\n\t\t\t\t\t\t\t\tstyle=\"z-index:6;font-family:'Roboto';text-transform:uppercase;\"\n\t\t\t\t\t\t\t><span><\/span><span><\/span><span><\/span> \n\t\t\t\t\t\t\t<\/rs-layer><!--\n-->\t\t\t\t\t\t<\/rs-slide>\n\t\t\t\t\t<\/rs-slides>\n\t\t\t\t<\/rs-module>\n\t\t\t\t<script type=\"text\/javascript\">\n\t\t\t\t\tsetREVStartSize({c: 'rev_slider_1_1',rl:[1240,1024,778,480],el:[900],gw:[1240],gh:[900],type:'standard',justify:'',layout:'fullscreen',offsetContainer:'',offset:'',mh:\"0\"});if (window.RS_MODULES!==undefined && window.RS_MODULES.modules!==undefined && window.RS_MODULES.modules[\"revslider11\"]!==undefined) {window.RS_MODULES.modules[\"revslider11\"].once = false;window.revapi1 = undefined;if (window.RS_MODULES.checkMinimal!==undefined) window.RS_MODULES.checkMinimal()}\n\t\t\t\t<\/script>\n\t\t\t<\/rs-module-wrap>\n\t\t\t<!-- END REVOLUTION SLIDER -->\n\n\t\t\t<!-- START home movil REVOLUTION SLIDER 6.5.11 --><p class=\"rs-p-wp-fix\"><\/p>\n\t\t\t<rs-module-wrap id=\"rev_slider_2_2_wrapper\" data-source=\"gallery\" style=\"visibility:hidden;background:transparent;padding:0;margin:0px auto;margin-top:0;margin-bottom:0;\">\n\t\t\t\t<rs-module id=\"rev_slider_2_2\" style=\"\" data-version=\"6.5.11\">\n\t\t\t\t\t<rs-slides>\n\t\t\t\t\t\t<rs-slide style=\"position: absolute;\" data-key=\"rs-2\" data-title=\"Slide\" data-in=\"o:0;\" data-out=\"a:false;\">\n\t\t\t\t\t\t\t<img decoding=\"async\" src=\"\/\/laboutiqueinmobiliaria.com\/wp-content\/plugins\/revslider\/public\/assets\/assets\/dummy.png\" title=\"foto portada web movil\" width=\"644\" height=\"1243\" class=\"rev-slidebg tp-rs-img rs-lazyload\" data-lazyload=\"\/\/laboutiqueinmobiliaria.com\/wp-content\/uploads\/2022\/03\/foto-portada-web-movil.jpg\" data-bg=\"p:center top;\" data-no-retina>\n<!---->\t\t\t\t\t\t<\/rs-slide>\n\t\t\t\t\t<\/rs-slides>\n\t\t\t\t<\/rs-module>\n\t\t\t\t<script type=\"text\/javascript\">\n\t\t\t\t\tsetREVStartSize({c: 'rev_slider_2_2',rl:[1240,1024,778,480],el:[900,768,960,1300],gw:[1240,1024,778,644],gh:[900,768,960,1000],type:'standard',justify:'',layout:'fullwidth',mh:\"0\"});if (window.RS_MODULES!==undefined && window.RS_MODULES.modules!==undefined && window.RS_MODULES.modules[\"revslider22\"]!==undefined) {window.RS_MODULES.modules[\"revslider22\"].once = false;window.revapi2 = undefined;if (window.RS_MODULES.checkMinimal!==undefined) window.RS_MODULES.checkMinimal()}\n\t\t\t\t<\/script>\n\t\t\t<\/rs-module-wrap>\n\t\t\t<!-- END REVOLUTION SLIDER -->\n\t\t<\/p>\n<style>\/*! elementor - v3.12.1 - 02-04-2023 *\/\n.elementor-heading-title{padding:0;margin:0;line-height:1}.elementor-widget-heading .elementor-heading-title[class*=elementor-size-]>a{color:inherit;font-size:inherit;line-height:inherit}.elementor-widget-heading .elementor-heading-title.elementor-size-small{font-size:15px}.elementor-widget-heading .elementor-heading-title.elementor-size-medium{font-size:19px}.elementor-widget-heading .elementor-heading-title.elementor-size-large{font-size:29px}.elementor-widget-heading .elementor-heading-title.elementor-size-xl{font-size:39px}.elementor-widget-heading .elementor-heading-title.elementor-size-xxl{font-size:59px}<\/style>\n<h3>&#8220;To be irreplaceable one must always be different&#8221;<\/h3>\n<form role=\"search\" method=\"get\" action=\"https:\/\/laboutiqueinmobiliaria.com\/advanced-search\/\" > <label for=\"form-field-f2754b9\">Kind of property<\/label><br \/>\n        Choose<br \/>\n             <input type=\"hidden\" name=\"filter_search_type[]\" value=\"\"><\/p>\n<ul  id=\"categlist\" role=\"menu\" aria-labelledby=\"adv_categ\">\n<li role=\"presentation\" data-value=\"all\">Choose<\/li>\n<li role=\"presentation\" data-value=\"all\">Categories<\/li>\n<li role=\"presentation\" data-value=\"activos-hoteleros\">Activos Hoteleros<\/li>\n<li role=\"presentation\" data-value=\"chalets-y-villas\">Chalets Y Villas<\/li>\n<li role=\"presentation\" data-value=\"comercial\">Comercial<\/li>\n<li role=\"presentation\" data-value=\"obra-nueva\">Obra Nueva<\/li>\n<li role=\"presentation\" data-value=\"pisos-y-aticos\">Pisos Y \u00c1ticos<\/li>\n<li role=\"presentation\" data-value=\"solares-y-terrenos\">Solares Y Terrenos<\/li>\n<\/ul>\n<p>             <label for=\"form-field-559073e\">Ref.<\/label><input type=\"text\" id=\"ref\"  name=\"ref\" placeholder=\"Ref\" value=\"\" ><button name=\"submit\" type=\"submit\"  value=\"Search now\">Search now<\/button><input type=\"hidden\" name=\"elementor_form_id\" value=\"18618\"><\/form>\n<h2>Categories<\/h2>\n<h2>Find the property you are looking for in Mallorca<\/h2>\n<style>\/*! elementor - v3.12.1 - 02-04-2023 *\/\n.elementor-widget-image{text-align:center}.elementor-widget-image a{display:inline-block}.elementor-widget-image a img[src$=\".svg\"]{width:48px}.elementor-widget-image img{vertical-align:middle;display:inline-block}<\/style>\n<p>\t\t\t\t\t\t\t\t\t\t\t\t\t<a href=\"https:\/\/laboutiqueinmobiliaria.com\/en\/categoria\/chalets-y-villas\/\"><br \/>\n\t\t\t\t\t\t\t<img loading=\"lazy\" decoding=\"async\" width=\"348\" height=\"312\" src=\"https:\/\/laboutiqueinmobiliaria.com\/wp-content\/uploads\/2023\/03\/villas-houses.jpg\" alt=\"\" loading=\"lazy\" srcset=\"https:\/\/laboutiqueinmobiliaria.com\/wp-content\/uploads\/2023\/03\/villas-houses.jpg 348w, https:\/\/laboutiqueinmobiliaria.com\/wp-content\/uploads\/2023\/03\/villas-houses-300x269.jpg 300w\" sizes=\"auto, (max-width: 348px) 100vw, 348px\" \/>\t\t\t\t\t\t\t\t<\/a><br \/>\n\t\t\t\t\t\t\t\t\t\t\t\t\t\t\t\t<a href=\"https:\/\/laboutiqueinmobiliaria.com\/en\/categoria\/pisos-y-aticos\/\"><br \/>\n\t\t\t\t\t\t\t<img loading=\"lazy\" decoding=\"async\" width=\"348\" height=\"312\" src=\"https:\/\/laboutiqueinmobiliaria.com\/wp-content\/uploads\/2022\/04\/apartments.jpg\" alt=\"\" loading=\"lazy\" srcset=\"https:\/\/laboutiqueinmobiliaria.com\/wp-content\/uploads\/2022\/04\/apartments.jpg 348w, https:\/\/laboutiqueinmobiliaria.com\/wp-content\/uploads\/2022\/04\/apartments-300x269.jpg 300w\" sizes=\"auto, (max-width: 348px) 100vw, 348px\" \/>\t\t\t\t\t\t\t\t<\/a><br \/>\n\t\t\t\t\t\t\t\t\t\t\t\t\t\t\t\t<a href=\"https:\/\/laboutiqueinmobiliaria.com\/en\/categoria\/obra-nueva\/\"><br \/>\n\t\t\t\t\t\t\t<img loading=\"lazy\" decoding=\"async\" width=\"348\" height=\"312\" src=\"https:\/\/laboutiqueinmobiliaria.com\/wp-content\/uploads\/2022\/04\/new-development.jpg\" alt=\"\" loading=\"lazy\" srcset=\"https:\/\/laboutiqueinmobiliaria.com\/wp-content\/uploads\/2022\/04\/new-development.jpg 348w, https:\/\/laboutiqueinmobiliaria.com\/wp-content\/uploads\/2022\/04\/new-development-300x269.jpg 300w\" sizes=\"auto, (max-width: 348px) 100vw, 348px\" \/>\t\t\t\t\t\t\t\t<\/a><br \/>\n\t\t\t\t\t\t\t\t\t\t\t\t\t\t\t\t<a href=\"https:\/\/laboutiqueinmobiliaria.com\/en\/categoria\/activos-hoteleros\/\"><br \/>\n\t\t\t\t\t\t\t<img loading=\"lazy\" decoding=\"async\" width=\"348\" height=\"312\" src=\"https:\/\/laboutiqueinmobiliaria.com\/wp-content\/uploads\/2022\/04\/hotel-assets.jpg\" alt=\"\" loading=\"lazy\" srcset=\"https:\/\/laboutiqueinmobiliaria.com\/wp-content\/uploads\/2022\/04\/hotel-assets.jpg 348w, https:\/\/laboutiqueinmobiliaria.com\/wp-content\/uploads\/2022\/04\/hotel-assets-300x269.jpg 300w\" sizes=\"auto, (max-width: 348px) 100vw, 348px\" \/>\t\t\t\t\t\t\t\t<\/a><br \/>\n\t\t\t\t\t\t\t\t\t\t\t\t\t\t\t\t<a href=\"https:\/\/laboutiqueinmobiliaria.com\/en\/categoria\/solares-y-terrenos\/\"><br \/>\n\t\t\t\t\t\t\t<img loading=\"lazy\" decoding=\"async\" width=\"348\" height=\"312\" src=\"https:\/\/laboutiqueinmobiliaria.com\/wp-content\/uploads\/2022\/04\/plots.jpg\" alt=\"\" loading=\"lazy\" srcset=\"https:\/\/laboutiqueinmobiliaria.com\/wp-content\/uploads\/2022\/04\/plots.jpg 348w, https:\/\/laboutiqueinmobiliaria.com\/wp-content\/uploads\/2022\/04\/plots-300x269.jpg 300w\" sizes=\"auto, (max-width: 348px) 100vw, 348px\" \/>\t\t\t\t\t\t\t\t<\/a><br \/>\n\t\t\t\t\t\t\t\t\t\t\t\t\t\t\t\t<a href=\"https:\/\/laboutiqueinmobiliaria.com\/en\/categoria\/comercial\/\"><br \/>\n\t\t\t\t\t\t\t<img loading=\"lazy\" decoding=\"async\" width=\"348\" height=\"312\" src=\"https:\/\/laboutiqueinmobiliaria.com\/wp-content\/uploads\/2022\/04\/commercial.jpg\" alt=\"\" loading=\"lazy\" srcset=\"https:\/\/laboutiqueinmobiliaria.com\/wp-content\/uploads\/2022\/04\/commercial.jpg 348w, https:\/\/laboutiqueinmobiliaria.com\/wp-content\/uploads\/2022\/04\/commercial-300x269.jpg 300w\" sizes=\"auto, (max-width: 348px) 100vw, 348px\" \/>\t\t\t\t\t\t\t\t<\/a><br \/>\n\t\t\t\t\t\t\t\t\t\t\t\t\t\t\t\t<a href=\"https:\/\/laboutiqueinmobiliaria.com\/en\/categoria\/chalets-y-villas\/\"><br \/>\n\t\t\t\t\t\t\t<img loading=\"lazy\" decoding=\"async\" width=\"348\" height=\"312\" src=\"https:\/\/laboutiqueinmobiliaria.com\/wp-content\/uploads\/2023\/03\/villas-houses.jpg\" alt=\"\" loading=\"lazy\" srcset=\"https:\/\/laboutiqueinmobiliaria.com\/wp-content\/uploads\/2023\/03\/villas-houses.jpg 348w, https:\/\/laboutiqueinmobiliaria.com\/wp-content\/uploads\/2023\/03\/villas-houses-300x269.jpg 300w\" sizes=\"auto, (max-width: 348px) 100vw, 348px\" \/>\t\t\t\t\t\t\t\t<\/a><br \/>\n\t\t\t\t\t\t\t\t\t\t\t\t\t\t\t\t<a href=\"https:\/\/laboutiqueinmobiliaria.com\/en\/categoria\/pisos-y-aticos\/\"><br \/>\n\t\t\t\t\t\t\t<img loading=\"lazy\" decoding=\"async\" width=\"348\" height=\"312\" src=\"https:\/\/laboutiqueinmobiliaria.com\/wp-content\/uploads\/2022\/04\/apartments.jpg\" alt=\"\" loading=\"lazy\" srcset=\"https:\/\/laboutiqueinmobiliaria.com\/wp-content\/uploads\/2022\/04\/apartments.jpg 348w, https:\/\/laboutiqueinmobiliaria.com\/wp-content\/uploads\/2022\/04\/apartments-300x269.jpg 300w\" sizes=\"auto, (max-width: 348px) 100vw, 348px\" \/>\t\t\t\t\t\t\t\t<\/a><br \/>\n\t\t\t\t\t\t\t\t\t\t\t\t\t\t\t\t<a href=\"https:\/\/laboutiqueinmobiliaria.com\/en\/categoria\/obra-nueva\/\"><br \/>\n\t\t\t\t\t\t\t<img loading=\"lazy\" decoding=\"async\" width=\"348\" height=\"312\" src=\"https:\/\/laboutiqueinmobiliaria.com\/wp-content\/uploads\/2022\/04\/new-development.jpg\" alt=\"\" loading=\"lazy\" srcset=\"https:\/\/laboutiqueinmobiliaria.com\/wp-content\/uploads\/2022\/04\/new-development.jpg 348w, https:\/\/laboutiqueinmobiliaria.com\/wp-content\/uploads\/2022\/04\/new-development-300x269.jpg 300w\" sizes=\"auto, (max-width: 348px) 100vw, 348px\" \/>\t\t\t\t\t\t\t\t<\/a><br \/>\n\t\t\t\t\t\t\t\t\t\t\t\t\t\t\t\t<a href=\"https:\/\/laboutiqueinmobiliaria.com\/en\/categoria\/activos-hoteleros\/\"><br \/>\n\t\t\t\t\t\t\t<img loading=\"lazy\" decoding=\"async\" width=\"348\" height=\"312\" src=\"https:\/\/laboutiqueinmobiliaria.com\/wp-content\/uploads\/2022\/04\/hotel-assets.jpg\" alt=\"\" loading=\"lazy\" srcset=\"https:\/\/laboutiqueinmobiliaria.com\/wp-content\/uploads\/2022\/04\/hotel-assets.jpg 348w, https:\/\/laboutiqueinmobiliaria.com\/wp-content\/uploads\/2022\/04\/hotel-assets-300x269.jpg 300w\" sizes=\"auto, (max-width: 348px) 100vw, 348px\" \/>\t\t\t\t\t\t\t\t<\/a><br \/>\n\t\t\t\t\t\t\t\t\t\t\t\t\t\t\t\t<a href=\"https:\/\/laboutiqueinmobiliaria.com\/en\/categoria\/solares-y-terrenos\/\"><br \/>\n\t\t\t\t\t\t\t<img loading=\"lazy\" decoding=\"async\" width=\"348\" height=\"312\" src=\"https:\/\/laboutiqueinmobiliaria.com\/wp-content\/uploads\/2022\/04\/plots.jpg\" alt=\"\" loading=\"lazy\" srcset=\"https:\/\/laboutiqueinmobiliaria.com\/wp-content\/uploads\/2022\/04\/plots.jpg 348w, https:\/\/laboutiqueinmobiliaria.com\/wp-content\/uploads\/2022\/04\/plots-300x269.jpg 300w\" sizes=\"auto, (max-width: 348px) 100vw, 348px\" \/>\t\t\t\t\t\t\t\t<\/a><br \/>\n\t\t\t\t\t\t\t\t\t\t\t\t\t\t\t\t<a href=\"https:\/\/laboutiqueinmobiliaria.com\/en\/categoria\/comercial\/\"><br \/>\n\t\t\t\t\t\t\t<img loading=\"lazy\" decoding=\"async\" width=\"348\" height=\"312\" src=\"https:\/\/laboutiqueinmobiliaria.com\/wp-content\/uploads\/2022\/04\/commercial.jpg\" alt=\"\" loading=\"lazy\" srcset=\"https:\/\/laboutiqueinmobiliaria.com\/wp-content\/uploads\/2022\/04\/commercial.jpg 348w, https:\/\/laboutiqueinmobiliaria.com\/wp-content\/uploads\/2022\/04\/commercial-300x269.jpg 300w\" sizes=\"auto, (max-width: 348px) 100vw, 348px\" \/>\t\t\t\t\t\t\t\t<\/a><\/p>\n<h2>PROPERTIES<\/h2>\n<h2>Featured properties<\/h2>\n<p>    20<br \/>\n                    <a href=\"https:\/\/laboutiqueinmobiliaria.com\/propiedad\/blanquerna\/\" target=\"_self\" rel=\"noopener\"><img loading=\"lazy\" decoding=\"async\" width=\"525\" height=\"394\" src=\"https:\/\/laboutiqueinmobiliaria.com\/wp-content\/uploads\/2024\/12\/0421001-525x394.jpg\" alt=\"\" loading=\"lazy\" data-original=\"https:\/\/laboutiqueinmobiliaria.com\/wp-content\/uploads\/2024\/12\/0421001-525x394.jpg\" srcset=\"https:\/\/laboutiqueinmobiliaria.com\/wp-content\/uploads\/2024\/12\/0421001-525x394.jpg 525w, https:\/\/laboutiqueinmobiliaria.com\/wp-content\/uploads\/2024\/12\/0421001-300x225.jpg 300w, https:\/\/laboutiqueinmobiliaria.com\/wp-content\/uploads\/2024\/12\/0421001-1024x768.jpg 1024w, https:\/\/laboutiqueinmobiliaria.com\/wp-content\/uploads\/2024\/12\/0421001-768x576.jpg 768w, https:\/\/laboutiqueinmobiliaria.com\/wp-content\/uploads\/2024\/12\/0421001-1536x1152.jpg 1536w, https:\/\/laboutiqueinmobiliaria.com\/wp-content\/uploads\/2024\/12\/0421001-2048x1536.jpg 2048w, https:\/\/laboutiqueinmobiliaria.com\/wp-content\/uploads\/2024\/12\/0421001-915x686.jpg 915w, https:\/\/laboutiqueinmobiliaria.com\/wp-content\/uploads\/2024\/12\/0421001-835x626.jpg 835w, https:\/\/laboutiqueinmobiliaria.com\/wp-content\/uploads\/2024\/12\/0421001-1110x832.jpg 1110w, https:\/\/laboutiqueinmobiliaria.com\/wp-content\/uploads\/2024\/12\/0421001-105x79.jpg 105w\" sizes=\"auto, (max-width: 525px) 100vw, 525px\" \/><\/a><br \/>\n                            <a href=\"https:\/\/laboutiqueinmobiliaria.com\/propiedad\/blanquerna\/\" target=\"_self\" rel=\"noopener\"><img width=\"525px\" height=\"394px\"  data-lazy-load-src=\"https:\/\/laboutiqueinmobiliaria.com\/wp-content\/uploads\/2024\/12\/0421002-525x394.jpg\" alt=\"Blanquerna\" \/><\/a><br \/>\n                            <a href=\"https:\/\/laboutiqueinmobiliaria.com\/propiedad\/blanquerna\/\" target=\"_self\" rel=\"noopener\"><img width=\"525px\" height=\"394px\"  data-lazy-load-src=\"https:\/\/laboutiqueinmobiliaria.com\/wp-content\/uploads\/2024\/12\/0421003-525x394.jpg\" alt=\"Blanquerna\" \/><\/a><br \/>\n                            <a href=\"https:\/\/laboutiqueinmobiliaria.com\/propiedad\/blanquerna\/\" target=\"_self\" rel=\"noopener\"><img width=\"525px\" height=\"394px\"  data-lazy-load-src=\"https:\/\/laboutiqueinmobiliaria.com\/wp-content\/uploads\/2024\/12\/0421004-525x394.jpg\" alt=\"Blanquerna\" \/><\/a><br \/>\n                            <a href=\"https:\/\/laboutiqueinmobiliaria.com\/propiedad\/blanquerna\/\" target=\"_self\" rel=\"noopener\"><img width=\"525px\" height=\"394px\"  data-lazy-load-src=\"https:\/\/laboutiqueinmobiliaria.com\/wp-content\/uploads\/2024\/12\/0421005-525x394.jpg\" alt=\"Blanquerna\" \/><\/a><br \/>\n                            <a href=\"https:\/\/laboutiqueinmobiliaria.com\/propiedad\/blanquerna\/\" target=\"_self\" rel=\"noopener\"><img width=\"525px\" height=\"394px\"  data-lazy-load-src=\"https:\/\/laboutiqueinmobiliaria.com\/wp-content\/uploads\/2024\/12\/0421006-525x394.jpg\" alt=\"Blanquerna\" \/><\/a><br \/>\n                            <a href=\"https:\/\/laboutiqueinmobiliaria.com\/propiedad\/blanquerna\/\" target=\"_self\" rel=\"noopener\"><img width=\"525px\" height=\"394px\"  data-lazy-load-src=\"https:\/\/laboutiqueinmobiliaria.com\/wp-content\/uploads\/2024\/12\/0421007-525x394.jpg\" alt=\"Blanquerna\" \/><\/a><br \/>\n            <a href=\"https:\/\/laboutiqueinmobiliaria.com\/propiedad\/blanquerna\/\" target=\"_self\" rel=\"noopener\"> <\/a><a href=\"#property_unit_carousel_675c10c084eeb\" data-slide=\"prev\"><br \/>\n                <\/a><br \/>\n                <a href=\"#property_unit_carousel_675c10c084eeb\" data-slide=\"next\"><br \/>\n                <\/a><br \/>\n    Featured<br \/>\n    NOVEDAD <\/p>\n<h4>\n    <a href=\"https:\/\/laboutiqueinmobiliaria.com\/propiedad\/blanquerna\/\"><br \/>\nBlanquerna    <\/a><br \/>\n<\/h4>\n<p>    540.000 \u20ac Ref: 0421XC<br \/>\n        Propiedad ubicada en la emblem\u00e1tica Calle Blanquerna, una de las zonas m\u00e1s demandadas de P <a href=\"https:\/\/laboutiqueinmobiliaria.com\/propiedad\/blanquerna\/\"> &#8230;<\/a><br \/>\n        Propiedad ubicada en la emblem\u00e1tica Calle Blanquerna, una de las zonas m\u00e1s demandadas de Palma gracias a su diversi <a href=\"https:\/\/laboutiqueinmobiliaria.com\/propiedad\/blanquerna\/\"> &#8230;<\/a><br \/>\n         52 No disponible 150 m<sup>2<\/sup><br \/>\n    Miguel Arellano<br \/>\n        <a href=\"https:\/\/www.facebook.com\/sharer.php?u=https:\/\/laboutiqueinmobiliaria.com\/propiedad\/blanquerna\/&amp;t=Blanquerna\" target=\"_blank\" rel=\"noreferrer noopener\"><\/a><br \/>\n        <a href=\"https:\/\/twitter.com\/intent\/tweet?text=Blanquerna+https%3A%2F%2Flaboutiqueinmobiliaria.com%2Fpropiedad%2Fblanquerna%2F\" rel=\"noreferrer noopener\" target=\"_blank\"><\/a><br \/>\n        <a href=\"https:\/\/pinterest.com\/pin\/create\/button\/?url=https:\/\/laboutiqueinmobiliaria.com\/propiedad\/blanquerna\/&amp;media=https:\/\/laboutiqueinmobiliaria.com\/wp-content\/uploads\/2024\/12\/0421001-1920x790.jpg&amp;description=Blanquerna\" target=\"_blank\" rel=\"noreferrer noopener\"><\/a><br \/>\n        <a href=\"https:\/\/api.whatsapp.com\/send?text=Blanquerna+https%3A%2F%2Flaboutiqueinmobiliaria.com%2Fpropiedad%2Fblanquerna%2F\" rel=\"noreferrer noopener\" target=\"_blank\"><\/a><br \/>\n        <a href=\"mailto:email@email.com?subject=Blanquerna&amp;body=https%3A%2F%2Flaboutiqueinmobiliaria.com%2Fpropiedad%2Fblanquerna%2F\" data-action=\"share email\" ><\/a><br \/>\n    24<br \/>\n                    <a href=\"https:\/\/laboutiqueinmobiliaria.com\/propiedad\/pere-garau-2\/\" target=\"_self\" rel=\"noopener\"><img loading=\"lazy\" decoding=\"async\" width=\"525\" height=\"394\" src=\"https:\/\/laboutiqueinmobiliaria.com\/wp-content\/uploads\/2024\/12\/0420001-525x394.jpg\" alt=\"\" loading=\"lazy\" data-original=\"https:\/\/laboutiqueinmobiliaria.com\/wp-content\/uploads\/2024\/12\/0420001-525x394.jpg\" srcset=\"https:\/\/laboutiqueinmobiliaria.com\/wp-content\/uploads\/2024\/12\/0420001-525x394.jpg 525w, https:\/\/laboutiqueinmobiliaria.com\/wp-content\/uploads\/2024\/12\/0420001-300x225.jpg 300w, https:\/\/laboutiqueinmobiliaria.com\/wp-content\/uploads\/2024\/12\/0420001-1024x768.jpg 1024w, https:\/\/laboutiqueinmobiliaria.com\/wp-content\/uploads\/2024\/12\/0420001-768x576.jpg 768w, https:\/\/laboutiqueinmobiliaria.com\/wp-content\/uploads\/2024\/12\/0420001-1536x1152.jpg 1536w, https:\/\/laboutiqueinmobiliaria.com\/wp-content\/uploads\/2024\/12\/0420001-2048x1536.jpg 2048w, https:\/\/laboutiqueinmobiliaria.com\/wp-content\/uploads\/2024\/12\/0420001-915x686.jpg 915w, https:\/\/laboutiqueinmobiliaria.com\/wp-content\/uploads\/2024\/12\/0420001-835x626.jpg 835w, https:\/\/laboutiqueinmobiliaria.com\/wp-content\/uploads\/2024\/12\/0420001-1110x832.jpg 1110w, https:\/\/laboutiqueinmobiliaria.com\/wp-content\/uploads\/2024\/12\/0420001-105x79.jpg 105w\" sizes=\"auto, (max-width: 525px) 100vw, 525px\" \/><\/a><br \/>\n                            <a href=\"https:\/\/laboutiqueinmobiliaria.com\/propiedad\/pere-garau-2\/\" target=\"_self\" rel=\"noopener\"><img width=\"525px\" height=\"394px\"  data-lazy-load-src=\"https:\/\/laboutiqueinmobiliaria.com\/wp-content\/uploads\/2024\/12\/0420002-525x394.jpg\" alt=\"Pere Garau\" \/><\/a><br \/>\n                            <a href=\"https:\/\/laboutiqueinmobiliaria.com\/propiedad\/pere-garau-2\/\" target=\"_self\" rel=\"noopener\"><img width=\"525px\" height=\"394px\"  data-lazy-load-src=\"https:\/\/laboutiqueinmobiliaria.com\/wp-content\/uploads\/2024\/12\/0420003-525x394.jpg\" alt=\"Pere Garau\" \/><\/a><br \/>\n                            <a href=\"https:\/\/laboutiqueinmobiliaria.com\/propiedad\/pere-garau-2\/\" target=\"_self\" rel=\"noopener\"><img width=\"525px\" height=\"394px\"  data-lazy-load-src=\"https:\/\/laboutiqueinmobiliaria.com\/wp-content\/uploads\/2024\/12\/0420004-525x394.jpg\" alt=\"Pere Garau\" \/><\/a><br \/>\n                            <a href=\"https:\/\/laboutiqueinmobiliaria.com\/propiedad\/pere-garau-2\/\" target=\"_self\" rel=\"noopener\"><img width=\"525px\" height=\"394px\"  data-lazy-load-src=\"https:\/\/laboutiqueinmobiliaria.com\/wp-content\/uploads\/2024\/12\/0420005-525x394.jpg\" alt=\"Pere Garau\" \/><\/a><br \/>\n                            <a href=\"https:\/\/laboutiqueinmobiliaria.com\/propiedad\/pere-garau-2\/\" target=\"_self\" rel=\"noopener\"><img width=\"525px\" height=\"394px\"  data-lazy-load-src=\"https:\/\/laboutiqueinmobiliaria.com\/wp-content\/uploads\/2024\/12\/0420006-525x394.jpg\" alt=\"Pere Garau\" \/><\/a><br \/>\n                            <a href=\"https:\/\/laboutiqueinmobiliaria.com\/propiedad\/pere-garau-2\/\" target=\"_self\" rel=\"noopener\"><img width=\"525px\" height=\"394px\"  data-lazy-load-src=\"https:\/\/laboutiqueinmobiliaria.com\/wp-content\/uploads\/2024\/12\/0420007-525x394.jpg\" alt=\"Pere Garau\" \/><\/a><br \/>\n            <a href=\"https:\/\/laboutiqueinmobiliaria.com\/propiedad\/pere-garau-2\/\" target=\"_self\" rel=\"noopener\"> <\/a><a href=\"#property_unit_carousel_675c10c08a691\" data-slide=\"prev\"><br \/>\n                <\/a><br \/>\n                <a href=\"#property_unit_carousel_675c10c08a691\" data-slide=\"next\"><br \/>\n                <\/a><br \/>\n    Featured<br \/>\n    NOVEDAD <\/p>\n<h4>\n    <a href=\"https:\/\/laboutiqueinmobiliaria.com\/propiedad\/pere-garau-2\/\"><br \/>\nPere Garau    <\/a><br \/>\n<\/h4>\n<p>    330.000 \u20ac Ref: 0420LB<br \/>\n        Vivienda completamente reformada en 2022, situada en pleno centro de Palma, en una calle t <a href=\"https:\/\/laboutiqueinmobiliaria.com\/propiedad\/pere-garau-2\/\"> &#8230;<\/a><br \/>\n        Vivienda completamente reformada en 2022, situada en pleno centro de Palma, en una calle tranquila cercana a Plaza  <a href=\"https:\/\/laboutiqueinmobiliaria.com\/propiedad\/pere-garau-2\/\"> &#8230;<\/a><br \/>\n         31 No disponible 100 m<sup>2<\/sup><br \/>\n    Miguel Arellano<br \/>\n        <a href=\"https:\/\/www.facebook.com\/sharer.php?u=https:\/\/laboutiqueinmobiliaria.com\/propiedad\/pere-garau-2\/&amp;t=Pere+Garau\" target=\"_blank\" rel=\"noreferrer noopener\"><\/a><br \/>\n        <a href=\"https:\/\/twitter.com\/intent\/tweet?text=Pere+Garau+https%3A%2F%2Flaboutiqueinmobiliaria.com%2Fpropiedad%2Fpere-garau-2%2F\" rel=\"noreferrer noopener\" target=\"_blank\"><\/a><br \/>\n        <a href=\"https:\/\/pinterest.com\/pin\/create\/button\/?url=https:\/\/laboutiqueinmobiliaria.com\/propiedad\/pere-garau-2\/&amp;media=https:\/\/laboutiqueinmobiliaria.com\/wp-content\/uploads\/2024\/12\/0420001-1920x790.jpg&amp;description=Pere+Garau\" target=\"_blank\" rel=\"noreferrer noopener\"><\/a><br \/>\n        <a href=\"https:\/\/api.whatsapp.com\/send?text=Pere+Garau+https%3A%2F%2Flaboutiqueinmobiliaria.com%2Fpropiedad%2Fpere-garau-2%2F\" rel=\"noreferrer noopener\" target=\"_blank\"><\/a><br \/>\n        <a href=\"mailto:email@email.com?subject=Pere+Garau&amp;body=https%3A%2F%2Flaboutiqueinmobiliaria.com%2Fpropiedad%2Fpere-garau-2%2F\" data-action=\"share email\" ><\/a><br \/>\n    30<br \/>\n                    <a href=\"https:\/\/laboutiqueinmobiliaria.com\/propiedad\/paseo-maritimo\/\" target=\"_self\" rel=\"noopener\"><img loading=\"lazy\" decoding=\"async\" width=\"525\" height=\"394\" src=\"https:\/\/laboutiqueinmobiliaria.com\/wp-content\/uploads\/2024\/12\/0419001-525x394.jpg\" alt=\"\" loading=\"lazy\" data-original=\"https:\/\/laboutiqueinmobiliaria.com\/wp-content\/uploads\/2024\/12\/0419001-525x394.jpg\" srcset=\"https:\/\/laboutiqueinmobiliaria.com\/wp-content\/uploads\/2024\/12\/0419001-525x394.jpg 525w, https:\/\/laboutiqueinmobiliaria.com\/wp-content\/uploads\/2024\/12\/0419001-300x225.jpg 300w, https:\/\/laboutiqueinmobiliaria.com\/wp-content\/uploads\/2024\/12\/0419001-1024x768.jpg 1024w, https:\/\/laboutiqueinmobiliaria.com\/wp-content\/uploads\/2024\/12\/0419001-768x576.jpg 768w, https:\/\/laboutiqueinmobiliaria.com\/wp-content\/uploads\/2024\/12\/0419001-1536x1152.jpg 1536w, https:\/\/laboutiqueinmobiliaria.com\/wp-content\/uploads\/2024\/12\/0419001-2048x1536.jpg 2048w, https:\/\/laboutiqueinmobiliaria.com\/wp-content\/uploads\/2024\/12\/0419001-915x686.jpg 915w, https:\/\/laboutiqueinmobiliaria.com\/wp-content\/uploads\/2024\/12\/0419001-835x626.jpg 835w, https:\/\/laboutiqueinmobiliaria.com\/wp-content\/uploads\/2024\/12\/0419001-1110x832.jpg 1110w, https:\/\/laboutiqueinmobiliaria.com\/wp-content\/uploads\/2024\/12\/0419001-105x79.jpg 105w\" sizes=\"auto, (max-width: 525px) 100vw, 525px\" \/><\/a><br \/>\n                            <a href=\"https:\/\/laboutiqueinmobiliaria.com\/propiedad\/paseo-maritimo\/\" target=\"_self\" rel=\"noopener\"><img width=\"525px\" height=\"394px\"  data-lazy-load-src=\"https:\/\/laboutiqueinmobiliaria.com\/wp-content\/uploads\/2024\/12\/0419002-525x394.jpg\" alt=\"Paseo Maritimo\" \/><\/a><br \/>\n                            <a href=\"https:\/\/laboutiqueinmobiliaria.com\/propiedad\/paseo-maritimo\/\" target=\"_self\" rel=\"noopener\"><img width=\"525px\" height=\"394px\"  data-lazy-load-src=\"https:\/\/laboutiqueinmobiliaria.com\/wp-content\/uploads\/2024\/12\/0419003-525x394.jpg\" alt=\"Paseo Maritimo\" \/><\/a><br \/>\n                            <a href=\"https:\/\/laboutiqueinmobiliaria.com\/propiedad\/paseo-maritimo\/\" target=\"_self\" rel=\"noopener\"><img width=\"525px\" height=\"394px\"  data-lazy-load-src=\"https:\/\/laboutiqueinmobiliaria.com\/wp-content\/uploads\/2024\/12\/0419004-525x394.jpg\" alt=\"Paseo Maritimo\" \/><\/a><br \/>\n                            <a href=\"https:\/\/laboutiqueinmobiliaria.com\/propiedad\/paseo-maritimo\/\" target=\"_self\" rel=\"noopener\"><img width=\"525px\" height=\"394px\"  data-lazy-load-src=\"https:\/\/laboutiqueinmobiliaria.com\/wp-content\/uploads\/2024\/12\/0419005-525x394.jpg\" alt=\"Paseo Maritimo\" \/><\/a><br \/>\n                            <a href=\"https:\/\/laboutiqueinmobiliaria.com\/propiedad\/paseo-maritimo\/\" target=\"_self\" rel=\"noopener\"><img width=\"525px\" height=\"394px\"  data-lazy-load-src=\"https:\/\/laboutiqueinmobiliaria.com\/wp-content\/uploads\/2024\/12\/0419006-525x394.jpg\" alt=\"Paseo Maritimo\" \/><\/a><br \/>\n                            <a href=\"https:\/\/laboutiqueinmobiliaria.com\/propiedad\/paseo-maritimo\/\" target=\"_self\" rel=\"noopener\"><img width=\"525px\" height=\"394px\"  data-lazy-load-src=\"https:\/\/laboutiqueinmobiliaria.com\/wp-content\/uploads\/2024\/12\/0419007-525x394.jpg\" alt=\"Paseo Maritimo\" \/><\/a><br \/>\n            <a href=\"https:\/\/laboutiqueinmobiliaria.com\/propiedad\/paseo-maritimo\/\" target=\"_self\" rel=\"noopener\"> <\/a><a href=\"#property_unit_carousel_675c10c08faec\" data-slide=\"prev\"><br \/>\n                <\/a><br \/>\n                <a href=\"#property_unit_carousel_675c10c08faec\" data-slide=\"next\"><br \/>\n                <\/a><br \/>\n    Featured<br \/>\n    NOVEDAD <\/p>\n<h4>\n    <a href=\"https:\/\/laboutiqueinmobiliaria.com\/propiedad\/paseo-maritimo\/\"><br \/>\nPaseo Maritimo    <\/a><br \/>\n<\/h4>\n<p>    2.200.000 \u20ac Ref: 0419LB<br \/>\n        \u00a1Incre\u00edble \u00e1tico en el Paseo Mar\u00edtimo de Palma con vistas panor\u00e1micas a la bah\u00eda! Con una  <a href=\"https:\/\/laboutiqueinmobiliaria.com\/propiedad\/paseo-maritimo\/\"> &#8230;<\/a><br \/>\n        \u00a1Incre\u00edble \u00e1tico en el Paseo Mar\u00edtimo de Palma con vistas panor\u00e1micas a la bah\u00eda! Con una superficie aproximada de  <a href=\"https:\/\/laboutiqueinmobiliaria.com\/propiedad\/paseo-maritimo\/\"> &#8230;<\/a><br \/>\n         43 3 225 m<sup>2<\/sup><br \/>\n    Miguel Arellano<br \/>\n        <a href=\"https:\/\/www.facebook.com\/sharer.php?u=https:\/\/laboutiqueinmobiliaria.com\/propiedad\/paseo-maritimo\/&amp;t=Paseo+Maritimo\" target=\"_blank\" rel=\"noreferrer noopener\"><\/a><br \/>\n        <a href=\"https:\/\/twitter.com\/intent\/tweet?text=Paseo+Maritimo+https%3A%2F%2Flaboutiqueinmobiliaria.com%2Fpropiedad%2Fpaseo-maritimo%2F\" rel=\"noreferrer noopener\" target=\"_blank\"><\/a><br \/>\n        <a href=\"https:\/\/pinterest.com\/pin\/create\/button\/?url=https:\/\/laboutiqueinmobiliaria.com\/propiedad\/paseo-maritimo\/&amp;media=https:\/\/laboutiqueinmobiliaria.com\/wp-content\/uploads\/2024\/12\/0419001-1920x790.jpg&amp;description=Paseo+Maritimo\" target=\"_blank\" rel=\"noreferrer noopener\"><\/a><br \/>\n        <a href=\"https:\/\/api.whatsapp.com\/send?text=Paseo+Maritimo+https%3A%2F%2Flaboutiqueinmobiliaria.com%2Fpropiedad%2Fpaseo-maritimo%2F\" rel=\"noreferrer noopener\" target=\"_blank\"><\/a><br \/>\n        <a href=\"mailto:email@email.com?subject=Paseo+Maritimo&amp;body=https%3A%2F%2Flaboutiqueinmobiliaria.com%2Fpropiedad%2Fpaseo-maritimo%2F\" data-action=\"share email\" ><\/a><br \/>\n    23<br \/>\n                    <a href=\"https:\/\/laboutiqueinmobiliaria.com\/propiedad\/plaza-paris\/\" target=\"_self\" rel=\"noopener\"><img loading=\"lazy\" decoding=\"async\" width=\"525\" height=\"394\" src=\"https:\/\/laboutiqueinmobiliaria.com\/wp-content\/uploads\/2024\/11\/0418003-525x394.jpg\" alt=\"\" loading=\"lazy\" data-original=\"https:\/\/laboutiqueinmobiliaria.com\/wp-content\/uploads\/2024\/11\/0418003-525x394.jpg\" srcset=\"https:\/\/laboutiqueinmobiliaria.com\/wp-content\/uploads\/2024\/11\/0418003-525x394.jpg 525w, https:\/\/laboutiqueinmobiliaria.com\/wp-content\/uploads\/2024\/11\/0418003-300x225.jpg 300w, https:\/\/laboutiqueinmobiliaria.com\/wp-content\/uploads\/2024\/11\/0418003-1024x768.jpg 1024w, https:\/\/laboutiqueinmobiliaria.com\/wp-content\/uploads\/2024\/11\/0418003-768x576.jpg 768w, https:\/\/laboutiqueinmobiliaria.com\/wp-content\/uploads\/2024\/11\/0418003-1536x1152.jpg 1536w, https:\/\/laboutiqueinmobiliaria.com\/wp-content\/uploads\/2024\/11\/0418003-2048x1536.jpg 2048w, https:\/\/laboutiqueinmobiliaria.com\/wp-content\/uploads\/2024\/11\/0418003-915x686.jpg 915w, https:\/\/laboutiqueinmobiliaria.com\/wp-content\/uploads\/2024\/11\/0418003-835x626.jpg 835w, https:\/\/laboutiqueinmobiliaria.com\/wp-content\/uploads\/2024\/11\/0418003-1110x832.jpg 1110w, https:\/\/laboutiqueinmobiliaria.com\/wp-content\/uploads\/2024\/11\/0418003-105x79.jpg 105w\" sizes=\"auto, (max-width: 525px) 100vw, 525px\" \/><\/a><br \/>\n                            <a href=\"https:\/\/laboutiqueinmobiliaria.com\/propiedad\/plaza-paris\/\" target=\"_self\" rel=\"noopener\"><img width=\"525px\" height=\"394px\"  data-lazy-load-src=\"https:\/\/laboutiqueinmobiliaria.com\/wp-content\/uploads\/2024\/11\/0418001-525x394.jpg\" alt=\"Plaza Paris\" \/><\/a><br \/>\n                            <a href=\"https:\/\/laboutiqueinmobiliaria.com\/propiedad\/plaza-paris\/\" target=\"_self\" rel=\"noopener\"><img width=\"525px\" height=\"394px\"  data-lazy-load-src=\"https:\/\/laboutiqueinmobiliaria.com\/wp-content\/uploads\/2024\/11\/0418002-525x394.jpg\" alt=\"Plaza Paris\" \/><\/a><br \/>\n                            <a href=\"https:\/\/laboutiqueinmobiliaria.com\/propiedad\/plaza-paris\/\" target=\"_self\" rel=\"noopener\"><img width=\"525px\" height=\"394px\"  data-lazy-load-src=\"https:\/\/laboutiqueinmobiliaria.com\/wp-content\/uploads\/2024\/11\/0418004-525x394.jpg\" alt=\"Plaza Paris\" \/><\/a><br \/>\n                            <a href=\"https:\/\/laboutiqueinmobiliaria.com\/propiedad\/plaza-paris\/\" target=\"_self\" rel=\"noopener\"><img width=\"525px\" height=\"394px\"  data-lazy-load-src=\"https:\/\/laboutiqueinmobiliaria.com\/wp-content\/uploads\/2024\/11\/0418005-525x394.jpg\" alt=\"Plaza Paris\" \/><\/a><br \/>\n                            <a href=\"https:\/\/laboutiqueinmobiliaria.com\/propiedad\/plaza-paris\/\" target=\"_self\" rel=\"noopener\"><img width=\"525px\" height=\"394px\"  data-lazy-load-src=\"https:\/\/laboutiqueinmobiliaria.com\/wp-content\/uploads\/2024\/11\/0418006-525x394.jpg\" alt=\"Plaza Paris\" \/><\/a><br \/>\n                            <a href=\"https:\/\/laboutiqueinmobiliaria.com\/propiedad\/plaza-paris\/\" target=\"_self\" rel=\"noopener\"><img width=\"525px\" height=\"394px\"  data-lazy-load-src=\"https:\/\/laboutiqueinmobiliaria.com\/wp-content\/uploads\/2024\/11\/0418007-525x394.jpg\" alt=\"Plaza Paris\" \/><\/a><br \/>\n            <a href=\"https:\/\/laboutiqueinmobiliaria.com\/propiedad\/plaza-paris\/\" target=\"_self\" rel=\"noopener\"> <\/a><a href=\"#property_unit_carousel_675c10c095ad4\" data-slide=\"prev\"><br \/>\n                <\/a><br \/>\n                <a href=\"#property_unit_carousel_675c10c095ad4\" data-slide=\"next\"><br \/>\n                <\/a><br \/>\n    Featured<br \/>\n    NOVEDAD <\/p>\n<h4>\n    <a href=\"https:\/\/laboutiqueinmobiliaria.com\/propiedad\/plaza-paris\/\"><br \/>\nPlaza Paris    <\/a><br \/>\n<\/h4>\n<p>    410.000 \u20ac Ref: 0418XC<br \/>\n        \u00a1Amplio piso en el centro de Palma, junto a Plaza Par\u00eds y calle Blanquerna! Con una superf <a href=\"https:\/\/laboutiqueinmobiliaria.com\/propiedad\/plaza-paris\/\"> &#8230;<\/a><br \/>\n        \u00a1Amplio piso en el centro de Palma, junto a Plaza Par\u00eds y calle Blanquerna! Con una superficie de 107 m\u00b2, esta vivi <a href=\"https:\/\/laboutiqueinmobiliaria.com\/propiedad\/plaza-paris\/\"> &#8230;<\/a><br \/>\n         42 1 107 m<sup>2<\/sup><br \/>\n    Miguel Arellano<br \/>\n        <a href=\"https:\/\/www.facebook.com\/sharer.php?u=https:\/\/laboutiqueinmobiliaria.com\/propiedad\/plaza-paris\/&amp;t=Plaza+Paris\" target=\"_blank\" rel=\"noreferrer noopener\"><\/a><br \/>\n        <a href=\"https:\/\/twitter.com\/intent\/tweet?text=Plaza+Paris+https%3A%2F%2Flaboutiqueinmobiliaria.com%2Fpropiedad%2Fplaza-paris%2F\" rel=\"noreferrer noopener\" target=\"_blank\"><\/a><br \/>\n        <a href=\"https:\/\/pinterest.com\/pin\/create\/button\/?url=https:\/\/laboutiqueinmobiliaria.com\/propiedad\/plaza-paris\/&amp;media=https:\/\/laboutiqueinmobiliaria.com\/wp-content\/uploads\/2024\/11\/0418003-1920x790.jpg&amp;description=Plaza+Paris\" target=\"_blank\" rel=\"noreferrer noopener\"><\/a><br \/>\n        <a href=\"https:\/\/api.whatsapp.com\/send?text=Plaza+Paris+https%3A%2F%2Flaboutiqueinmobiliaria.com%2Fpropiedad%2Fplaza-paris%2F\" rel=\"noreferrer noopener\" target=\"_blank\"><\/a><br \/>\n        <a href=\"mailto:email@email.com?subject=Plaza+Paris&amp;body=https%3A%2F%2Flaboutiqueinmobiliaria.com%2Fpropiedad%2Fplaza-paris%2F\" data-action=\"share email\" ><\/a><br \/>\n    28<br \/>\n                    <a href=\"https:\/\/laboutiqueinmobiliaria.com\/propiedad\/son-quint\/\" target=\"_self\" rel=\"noopener\"><img loading=\"lazy\" decoding=\"async\" width=\"525\" height=\"394\" src=\"https:\/\/laboutiqueinmobiliaria.com\/wp-content\/uploads\/2024\/11\/0417001-525x394.jpg\" alt=\"\" loading=\"lazy\" data-original=\"https:\/\/laboutiqueinmobiliaria.com\/wp-content\/uploads\/2024\/11\/0417001-525x394.jpg\" srcset=\"https:\/\/laboutiqueinmobiliaria.com\/wp-content\/uploads\/2024\/11\/0417001-525x394.jpg 525w, https:\/\/laboutiqueinmobiliaria.com\/wp-content\/uploads\/2024\/11\/0417001-300x225.jpg 300w, https:\/\/laboutiqueinmobiliaria.com\/wp-content\/uploads\/2024\/11\/0417001-1024x768.jpg 1024w, https:\/\/laboutiqueinmobiliaria.com\/wp-content\/uploads\/2024\/11\/0417001-768x576.jpg 768w, https:\/\/laboutiqueinmobiliaria.com\/wp-content\/uploads\/2024\/11\/0417001-1536x1152.jpg 1536w, https:\/\/laboutiqueinmobiliaria.com\/wp-content\/uploads\/2024\/11\/0417001-2048x1536.jpg 2048w, https:\/\/laboutiqueinmobiliaria.com\/wp-content\/uploads\/2024\/11\/0417001-915x686.jpg 915w, https:\/\/laboutiqueinmobiliaria.com\/wp-content\/uploads\/2024\/11\/0417001-835x626.jpg 835w, https:\/\/laboutiqueinmobiliaria.com\/wp-content\/uploads\/2024\/11\/0417001-1110x832.jpg 1110w, https:\/\/laboutiqueinmobiliaria.com\/wp-content\/uploads\/2024\/11\/0417001-105x79.jpg 105w\" sizes=\"auto, (max-width: 525px) 100vw, 525px\" \/><\/a><br \/>\n                            <a href=\"https:\/\/laboutiqueinmobiliaria.com\/propiedad\/son-quint\/\" target=\"_self\" rel=\"noopener\"><img width=\"525px\" height=\"394px\"  data-lazy-load-src=\"https:\/\/laboutiqueinmobiliaria.com\/wp-content\/uploads\/2024\/11\/0417002-525x394.jpg\" alt=\"Son Quint\" \/><\/a><br \/>\n                            <a href=\"https:\/\/laboutiqueinmobiliaria.com\/propiedad\/son-quint\/\" target=\"_self\" rel=\"noopener\"><img width=\"525px\" height=\"394px\"  data-lazy-load-src=\"https:\/\/laboutiqueinmobiliaria.com\/wp-content\/uploads\/2024\/11\/0417003-525x394.jpg\" alt=\"Son Quint\" \/><\/a><br \/>\n                            <a href=\"https:\/\/laboutiqueinmobiliaria.com\/propiedad\/son-quint\/\" target=\"_self\" rel=\"noopener\"><img width=\"525px\" height=\"394px\"  data-lazy-load-src=\"https:\/\/laboutiqueinmobiliaria.com\/wp-content\/uploads\/2024\/11\/0417004-525x394.jpg\" alt=\"Son Quint\" \/><\/a><br \/>\n                            <a href=\"https:\/\/laboutiqueinmobiliaria.com\/propiedad\/son-quint\/\" target=\"_self\" rel=\"noopener\"><img width=\"525px\" height=\"394px\"  data-lazy-load-src=\"https:\/\/laboutiqueinmobiliaria.com\/wp-content\/uploads\/2024\/11\/0417005-525x394.jpg\" alt=\"Son Quint\" \/><\/a><br \/>\n                            <a href=\"https:\/\/laboutiqueinmobiliaria.com\/propiedad\/son-quint\/\" target=\"_self\" rel=\"noopener\"><img width=\"525px\" height=\"394px\"  data-lazy-load-src=\"https:\/\/laboutiqueinmobiliaria.com\/wp-content\/uploads\/2024\/11\/0417006-525x394.jpg\" alt=\"Son Quint\" \/><\/a><br \/>\n                            <a href=\"https:\/\/laboutiqueinmobiliaria.com\/propiedad\/son-quint\/\" target=\"_self\" rel=\"noopener\"><img width=\"525px\" height=\"394px\"  data-lazy-load-src=\"https:\/\/laboutiqueinmobiliaria.com\/wp-content\/uploads\/2024\/11\/0417007-525x394.jpg\" alt=\"Son Quint\" \/><\/a><br \/>\n            <a href=\"https:\/\/laboutiqueinmobiliaria.com\/propiedad\/son-quint\/\" target=\"_self\" rel=\"noopener\"> <\/a><a href=\"#property_unit_carousel_675c10c099926\" data-slide=\"prev\"><br \/>\n                <\/a><br \/>\n                <a href=\"#property_unit_carousel_675c10c099926\" data-slide=\"next\"><br \/>\n                <\/a><br \/>\n    Featured<br \/>\n    NOVEDAD <\/p>\n<h4>\n    <a href=\"https:\/\/laboutiqueinmobiliaria.com\/propiedad\/son-quint\/\"><br \/>\nSon Quint    <\/a><br \/>\n<\/h4>\n<p>    1.100.000 \u20ac Ref: 0417XC<br \/>\n        Este exclusivo piso con jard\u00edn en Palma se encuentra en una ubicaci\u00f3n privilegiada, junto  <a href=\"https:\/\/laboutiqueinmobiliaria.com\/propiedad\/son-quint\/\"> &#8230;<\/a><br \/>\n        Este exclusivo piso con jard\u00edn en Palma se encuentra en una ubicaci\u00f3n privilegiada, junto al campo de golf Son Quin <a href=\"https:\/\/laboutiqueinmobiliaria.com\/propiedad\/son-quint\/\"> &#8230;<\/a><br \/>\n         32 1 106 m<sup>2<\/sup><br \/>\n    Miguel Arellano<br \/>\n        <a href=\"https:\/\/www.facebook.com\/sharer.php?u=https:\/\/laboutiqueinmobiliaria.com\/propiedad\/son-quint\/&amp;t=Son+Quint\" target=\"_blank\" rel=\"noreferrer noopener\"><\/a><br \/>\n        <a href=\"https:\/\/twitter.com\/intent\/tweet?text=Son+Quint+https%3A%2F%2Flaboutiqueinmobiliaria.com%2Fpropiedad%2Fson-quint%2F\" rel=\"noreferrer noopener\" target=\"_blank\"><\/a><br \/>\n        <a href=\"https:\/\/pinterest.com\/pin\/create\/button\/?url=https:\/\/laboutiqueinmobiliaria.com\/propiedad\/son-quint\/&amp;media=https:\/\/laboutiqueinmobiliaria.com\/wp-content\/uploads\/2024\/11\/0417001-1920x790.jpg&amp;description=Son+Quint\" target=\"_blank\" rel=\"noreferrer noopener\"><\/a><br \/>\n        <a href=\"https:\/\/api.whatsapp.com\/send?text=Son+Quint+https%3A%2F%2Flaboutiqueinmobiliaria.com%2Fpropiedad%2Fson-quint%2F\" rel=\"noreferrer noopener\" target=\"_blank\"><\/a><br \/>\n        <a href=\"mailto:email@email.com?subject=Son+Quint&amp;body=https%3A%2F%2Flaboutiqueinmobiliaria.com%2Fpropiedad%2Fson-quint%2F\" data-action=\"share email\" ><\/a><br \/>\n    20<br \/>\n                    <a href=\"https:\/\/laboutiqueinmobiliaria.com\/propiedad\/alcudia\/\" target=\"_self\" rel=\"noopener\"><img loading=\"lazy\" decoding=\"async\" width=\"525\" height=\"394\" src=\"https:\/\/laboutiqueinmobiliaria.com\/wp-content\/uploads\/2024\/11\/0416007-525x394.jpg\" alt=\"\" loading=\"lazy\" data-original=\"https:\/\/laboutiqueinmobiliaria.com\/wp-content\/uploads\/2024\/11\/0416007-525x394.jpg\" srcset=\"https:\/\/laboutiqueinmobiliaria.com\/wp-content\/uploads\/2024\/11\/0416007-525x394.jpg 525w, https:\/\/laboutiqueinmobiliaria.com\/wp-content\/uploads\/2024\/11\/0416007-300x225.jpg 300w, https:\/\/laboutiqueinmobiliaria.com\/wp-content\/uploads\/2024\/11\/0416007-1024x768.jpg 1024w, https:\/\/laboutiqueinmobiliaria.com\/wp-content\/uploads\/2024\/11\/0416007-768x576.jpg 768w, https:\/\/laboutiqueinmobiliaria.com\/wp-content\/uploads\/2024\/11\/0416007-1536x1152.jpg 1536w, https:\/\/laboutiqueinmobiliaria.com\/wp-content\/uploads\/2024\/11\/0416007-2048x1536.jpg 2048w, https:\/\/laboutiqueinmobiliaria.com\/wp-content\/uploads\/2024\/11\/0416007-915x686.jpg 915w, https:\/\/laboutiqueinmobiliaria.com\/wp-content\/uploads\/2024\/11\/0416007-835x626.jpg 835w, https:\/\/laboutiqueinmobiliaria.com\/wp-content\/uploads\/2024\/11\/0416007-1110x832.jpg 1110w, https:\/\/laboutiqueinmobiliaria.com\/wp-content\/uploads\/2024\/11\/0416007-105x79.jpg 105w\" sizes=\"auto, (max-width: 525px) 100vw, 525px\" \/><\/a><br \/>\n                            <a href=\"https:\/\/laboutiqueinmobiliaria.com\/propiedad\/alcudia\/\" target=\"_self\" rel=\"noopener\"><img width=\"525px\" height=\"394px\"  data-lazy-load-src=\"https:\/\/laboutiqueinmobiliaria.com\/wp-content\/uploads\/2024\/11\/0416001-525x394.jpg\" alt=\"Alcudia\" \/><\/a><br \/>\n                            <a href=\"https:\/\/laboutiqueinmobiliaria.com\/propiedad\/alcudia\/\" target=\"_self\" rel=\"noopener\"><img width=\"525px\" height=\"394px\"  data-lazy-load-src=\"https:\/\/laboutiqueinmobiliaria.com\/wp-content\/uploads\/2024\/11\/0416002-525x394.jpg\" alt=\"Alcudia\" \/><\/a><br \/>\n                            <a href=\"https:\/\/laboutiqueinmobiliaria.com\/propiedad\/alcudia\/\" target=\"_self\" rel=\"noopener\"><img width=\"525px\" height=\"394px\"  data-lazy-load-src=\"https:\/\/laboutiqueinmobiliaria.com\/wp-content\/uploads\/2024\/11\/0416003-525x394.jpg\" alt=\"Alcudia\" \/><\/a><br \/>\n                            <a href=\"https:\/\/laboutiqueinmobiliaria.com\/propiedad\/alcudia\/\" target=\"_self\" rel=\"noopener\"><img width=\"525px\" height=\"394px\"  data-lazy-load-src=\"https:\/\/laboutiqueinmobiliaria.com\/wp-content\/uploads\/2024\/11\/0416004-525x394.jpg\" alt=\"Alcudia\" \/><\/a><br \/>\n                            <a href=\"https:\/\/laboutiqueinmobiliaria.com\/propiedad\/alcudia\/\" target=\"_self\" rel=\"noopener\"><img width=\"525px\" height=\"394px\"  data-lazy-load-src=\"https:\/\/laboutiqueinmobiliaria.com\/wp-content\/uploads\/2024\/11\/0416005-525x394.jpg\" alt=\"Alcudia\" \/><\/a><br \/>\n                            <a href=\"https:\/\/laboutiqueinmobiliaria.com\/propiedad\/alcudia\/\" target=\"_self\" rel=\"noopener\"><img width=\"525px\" height=\"394px\"  data-lazy-load-src=\"https:\/\/laboutiqueinmobiliaria.com\/wp-content\/uploads\/2024\/11\/0416006-525x394.jpg\" alt=\"Alcudia\" \/><\/a><br \/>\n            <a href=\"https:\/\/laboutiqueinmobiliaria.com\/propiedad\/alcudia\/\" target=\"_self\" rel=\"noopener\"> <\/a><a href=\"#property_unit_carousel_675c10c09dd35\" data-slide=\"prev\"><br \/>\n                <\/a><br \/>\n                <a href=\"#property_unit_carousel_675c10c09dd35\" data-slide=\"next\"><br \/>\n                <\/a><br \/>\n    Featured<br \/>\n    NOVEDAD <\/p>\n<h4>\n    <a href=\"https:\/\/laboutiqueinmobiliaria.com\/propiedad\/alcudia\/\"><br \/>\nAlcudia    <\/a><br \/>\n<\/h4>\n<p>    290.000 \u20ac Ref: 0416MBRJC<br \/>\n        \u00a1Estupendo piso en Alcudia, ideal para disfrutar de una vida c\u00f3moda cerca del centro hist\u00f3 <a href=\"https:\/\/laboutiqueinmobiliaria.com\/propiedad\/alcudia\/\"> &#8230;<\/a><br \/>\n        \u00a1Estupendo piso en Alcudia, ideal para disfrutar de una vida c\u00f3moda cerca del centro hist\u00f3rico! Con una superficie  <a href=\"https:\/\/laboutiqueinmobiliaria.com\/propiedad\/alcudia\/\"> &#8230;<\/a><br \/>\n         31 No disponible 115 m<sup>2<\/sup><br \/>\n    Miguel Arellano<br \/>\n        <a href=\"https:\/\/www.facebook.com\/sharer.php?u=https:\/\/laboutiqueinmobiliaria.com\/propiedad\/alcudia\/&amp;t=Alcudia\" target=\"_blank\" rel=\"noreferrer noopener\"><\/a><br \/>\n        <a href=\"https:\/\/twitter.com\/intent\/tweet?text=Alcudia+https%3A%2F%2Flaboutiqueinmobiliaria.com%2Fpropiedad%2Falcudia%2F\" rel=\"noreferrer noopener\" target=\"_blank\"><\/a><br \/>\n        <a href=\"https:\/\/pinterest.com\/pin\/create\/button\/?url=https:\/\/laboutiqueinmobiliaria.com\/propiedad\/alcudia\/&amp;media=https:\/\/laboutiqueinmobiliaria.com\/wp-content\/uploads\/2024\/11\/0416007-1920x790.jpg&amp;description=Alcudia\" target=\"_blank\" rel=\"noreferrer noopener\"><\/a><br \/>\n        <a href=\"https:\/\/api.whatsapp.com\/send?text=Alcudia+https%3A%2F%2Flaboutiqueinmobiliaria.com%2Fpropiedad%2Falcudia%2F\" rel=\"noreferrer noopener\" target=\"_blank\"><\/a><br \/>\n        <a href=\"mailto:email@email.com?subject=Alcudia&amp;body=https%3A%2F%2Flaboutiqueinmobiliaria.com%2Fpropiedad%2Falcudia%2F\" data-action=\"share email\" ><\/a><br \/>\n           cargar m\u00e1s inmuebles <\/p>\n<h2>OWNERS<\/h2>\n<h2>Do you want to sell your house?<\/h2>\n<p>\t\t\t\t\t\t\t\t\t\t\t\t\t\t\t<img loading=\"lazy\" decoding=\"async\" width=\"346\" height=\"321\" src=\"https:\/\/laboutiqueinmobiliaria.com\/wp-content\/uploads\/2022\/03\/captacion-imagen-1.jpg\" alt=\"\" loading=\"lazy\" srcset=\"https:\/\/laboutiqueinmobiliaria.com\/wp-content\/uploads\/2022\/03\/captacion-imagen-1.jpg 346w, https:\/\/laboutiqueinmobiliaria.com\/wp-content\/uploads\/2022\/03\/captacion-imagen-1-300x278.jpg 300w\" sizes=\"auto, (max-width: 346px) 100vw, 346px\" \/>\t\t\t\t\t\t\t\t\t\t\t\t\t\t\t<\/p>\n<h2>Call us, <\/h2>\n<p>\t\t\t\t\t\t\t\t\t\t\t\t\t\t\t<img loading=\"lazy\" decoding=\"async\" width=\"346\" height=\"321\" src=\"https:\/\/laboutiqueinmobiliaria.com\/wp-content\/uploads\/2022\/03\/captacion-imagen-2.jpg\" alt=\"\" loading=\"lazy\" srcset=\"https:\/\/laboutiqueinmobiliaria.com\/wp-content\/uploads\/2022\/03\/captacion-imagen-2.jpg 346w, https:\/\/laboutiqueinmobiliaria.com\/wp-content\/uploads\/2022\/03\/captacion-imagen-2-300x278.jpg 300w\" sizes=\"auto, (max-width: 346px) 100vw, 346px\" \/>\t\t\t\t\t\t\t\t\t\t\t\t\t\t\t<\/p>\n<h2>We come, <\/h2>\n<p>\t\t\t\t\t\t\t\t\t\t\t\t\t\t\t<img loading=\"lazy\" decoding=\"async\" width=\"346\" height=\"321\" src=\"https:\/\/laboutiqueinmobiliaria.com\/wp-content\/uploads\/2022\/03\/captacion-imagen-3.jpg\" alt=\"\" loading=\"lazy\" srcset=\"https:\/\/laboutiqueinmobiliaria.com\/wp-content\/uploads\/2022\/03\/captacion-imagen-3.jpg 346w, https:\/\/laboutiqueinmobiliaria.com\/wp-content\/uploads\/2022\/03\/captacion-imagen-3-300x278.jpg 300w\" sizes=\"auto, (max-width: 346px) 100vw, 346px\" \/>\t\t\t\t\t\t\t\t\t\t\t\t\t\t\t<\/p>\n<h2>And you forget<\/h2>\n<p>\t\t\t\t\t\t\t\t\t\t\t\t\t\t\t<img loading=\"lazy\" decoding=\"async\" width=\"1073\" height=\"435\" src=\"https:\/\/laboutiqueinmobiliaria.com\/wp-content\/uploads\/2022\/04\/youcall.jpg\" alt=\"\" loading=\"lazy\" srcset=\"https:\/\/laboutiqueinmobiliaria.com\/wp-content\/uploads\/2022\/04\/youcall.jpg 1073w, https:\/\/laboutiqueinmobiliaria.com\/wp-content\/uploads\/2022\/04\/youcall-300x122.jpg 300w, https:\/\/laboutiqueinmobiliaria.com\/wp-content\/uploads\/2022\/04\/youcall-1024x415.jpg 1024w, https:\/\/laboutiqueinmobiliaria.com\/wp-content\/uploads\/2022\/04\/youcall-768x311.jpg 768w\" sizes=\"auto, (max-width: 1073px) 100vw, 1073px\" \/><br \/>\n\t\t\t<a href=\"http:\/\/tupruebaweb.com\/en\/laboutiqueinmobiliaria\/contacto\/#contacto\" role=\"button\"><br \/>\n\t\t\t\t\t\tI&#8217;m interested<br \/>\n\t\t\t\t\t<\/a><\/p>\n<h2>What they say about us&#8230;<\/h2>\n<blockquote>\n<p>&#8221; Miquel the owner of La Boutique Inmobiliaria is extremely knowledgeable in the Mallorca property market, hard working and professional. I have dealt with other members of the team and everyone is very friendly and efficient. I listed my apartment in Palma Old Town with several agencies and La Boutique Inmobiliara were by far the best, showed double the clients of anyone else and in the end found a buyer! I would highly recommend this agency and Miquel. Fluent English, Spanish and Mallorquin speaking&#8221;<\/p>\n<\/blockquote>\n<p style=\"text-align: right;\"><strong>Jean Paul Hegbourne<\/strong><\/p>\n<blockquote>\n<p>&#8220;Buona agenzia con buone offerte e di qualit\u00e0. Grande disponibilit\u00e0 di Miguel, persona molto professionale e disponibile nel cercare la casa giusta per il cliente. \u00c9 gia la terza volta che lo contatto ed \u00e9 sempre disponibilissimo.<br \/>Agenzia top!!!&#8221;<\/p>\n<\/blockquote>\n<p style=\"text-align: right;\"><strong>Marco Varotto<\/strong><\/p>\n<blockquote>\n<p>&#8220;Sehr professionell und zuverl\u00e4ssig. Nette und kompetente Abwicklung. Top. Empfehlenswert!&#8221;<\/p>\n<\/blockquote>\n<p style=\"text-align: right;\"><strong>Sascha Dietrich<\/strong><\/p>\n<blockquote>\n<p>&#8221; Agenzia immobiliare molto professionale. Miguel, il titolare, si mette totalmente a disposizione per scoprire la tua reale necessit\u00e0 e ti propone soluzioni adatte alle tue esigenze senza farti perdere tempo. Ti assiste in tutte le pratiche burocratiche, cosa utilissima se sei straniero perch\u00e9 nelle baleari la documentazione \u00e8 tutta in catalano. Le fotografie inserite negli annunci sono veritiere, cosa non comune a tutte le agenzie. Consiglio vivamente!&#8221;<\/p>\n<\/blockquote>\n<p style=\"text-align: right;\"><strong>Elena Ballini<\/strong><\/p>\n<blockquote>\n<p>&#8220;Excelentes profesionales , rapidos y con una gran atencion , facilitando todos los tramites con un trato al cliente de 10 . Gracias a miquel y su equipo&#8221;<\/p>\n<\/blockquote>\n<p style=\"text-align: right;\"><strong>Jaume Serra Llabres<\/strong><\/p>\n","protected":false},"excerpt":{"rendered":"<p>&#8220;To be irreplaceable one must always be different&#8221; Kind of property Choose Choose Categories Activos Hoteleros Chalets Y Villas Comercial Obra Nueva Pisos Y \u00c1ticos Solares Y Terrenos Ref.Search now Categories Find the property you are looking for in Mallorca PROPERTIES Featured properties 20 Featured NOVEDAD Blanquerna 540.000 \u20ac Ref: 0421XC Propiedad ubicada en la emblem\u00e1tica Calle Blanquerna, una de las zonas m\u00e1s demandadas &#8230;<\/p>\n","protected":false},"author":1,"featured_media":0,"parent":0,"menu_order":0,"comment_status":"closed","ping_status":"closed","template":"elementor_theme","meta":{"_joinchat":[],"footnotes":""},"class_list":["post-18618","page","type-page","status-publish","hentry"],"translation":{"provider":"WPGlobus","version":"3.0.0","language":"en","enabled_languages":["es","en"],"languages":{"es":{"title":true,"content":true,"excerpt":false},"en":{"title":true,"content":true,"excerpt":false}}},"_links":{"self":[{"href":"https:\/\/laboutiqueinmobiliaria.com\/en\/wp-json\/wp\/v2\/pages\/18618","targetHints":{"allow":["GET"]}}],"collection":[{"href":"https:\/\/laboutiqueinmobiliaria.com\/en\/wp-json\/wp\/v2\/pages"}],"about":[{"href":"https:\/\/laboutiqueinmobiliaria.com\/en\/wp-json\/wp\/v2\/types\/page"}],"author":[{"embeddable":true,"href":"https:\/\/laboutiqueinmobiliaria.com\/en\/wp-json\/wp\/v2\/users\/1"}],"replies":[{"embeddable":true,"href":"https:\/\/laboutiqueinmobiliaria.com\/en\/wp-json\/wp\/v2\/comments?post=18618"}],"version-history":[{"count":468,"href":"https:\/\/laboutiqueinmobiliaria.com\/en\/wp-json\/wp\/v2\/pages\/18618\/revisions"}],"predecessor-version":[{"id":32329,"href":"https:\/\/laboutiqueinmobiliaria.com\/en\/wp-json\/wp\/v2\/pages\/18618\/revisions\/32329"}],"wp:attachment":[{"href":"https:\/\/laboutiqueinmobiliaria.com\/en\/wp-json\/wp\/v2\/media?parent=18618"}],"curies":[{"name":"wp","href":"https:\/\/api.w.org\/{rel}","templated":true}]}}